{"id":170790,"date":"2024-07-15T12:44:03","date_gmt":"2024-07-15T10:44:03","guid":{"rendered":"https:\/\/www.ainia.com\/?page_id=170790"},"modified":"2025-09-30T14:55:34","modified_gmt":"2025-09-30T12:55:34","slug":"feiras-2024","status":"publish","type":"page","link":"https:\/\/www.ainia.com\/pt\/feiras-2024\/","title":{"rendered":"Feiras 2024"},"content":{"rendered":"<html><body><div class=\"wpb-content-wrapper\"><p>[vc_row full_width=\u201dstretch_row_content_no_spaces\u201d el_class=\u201dbreadcrumb\u201d][vc_column]<\/p><div id=\"breadcrumb\"><div><a href=\"https:\/\/www.ainia.com\/pt\/\"><span class=\"vc_icon_element-icon fa fa-home\"><\/span><\/a><\/div><\/div>[\/vc_column][\/vc_row][vc_row el_class=\u201dtop_quienes_somos top_prospectiva\u201d][vc_column]<style type=\"text\/css\" data-type=\"vc_shortcodes-custom-css\">\n\t\t.banner_quienes_somos:after{\n\t\t\t    background: url(https:\/\/www.ainia.com\/wp-content\/uploads\/2024\/06\/ainia-altex-ferias-2024-1280x840-1.jpg);\n\t\t\t    background-repeat: no-repeat;\n\t\t\t    top: 0px;\n\t\t\t    right: 0px;\n\t\t\t    z-index: 99;\n\t\t\t    width: 64%;\n\t\t\t    height: 100%;\n\t\t\t    position: absolute;\n\t\t\t    z-index: -1;\n\t\t\t    background-size: cover;\n\t\t\t    display:block;\n\t\t\t    background-position:center 85px;\n\t\t}\n\n\t\t<\/style><div class=\"wpb-content-wrapper\"><div data-vc-full-width=\"true\" data-vc-full-width-temp=\"true\" data-vc-full-width-init=\"false\" class=\"vc_row wpb_row vc_row-fluid bloque_uno banner_top banner_quienes_somos banner_quienes_somos:after vc_row-has-fill\"><span class=\"background-image\" role=\"img\" aria-label=\"Feiras 2024 em que a AINIA participa\"> <\/span><div class=\"texto wpb_column vc_column_container vc_col-sm-9\"><div class=\"vc_column-inner\"><div class=\"wpb_wrapper\">\n\t<div class=\"wpb_text_column wpb_content_element\">\n\t\t<div class=\"wpb_wrapper\">\n\t\t\t<h1>Feiras 2024<span><\/span><\/h1>\n\n\t\t<\/div>\n\t<\/div>\n<\/div><\/div><\/div><div class=\"wpb_column vc_column_container vc_col-sm-3\"><div class=\"vc_column-inner\"><div class=\"wpb_wrapper\"><\/div><\/div><\/div><\/div><div class=\"vc_row-full-width vc_clearfix\"><\/div><\/div>[\/vc_column][\/vc_row][vc_row el_class=\u201denlaces_acceso_clientes anclas_prospectiva\u201d][vc_column][vc_row_inner el_class=\u201dvc_container_inner\u201d][vc_column_inner width=\u201d2\/3\u2033][vc_column_text css=\u201d\u201d]\n<h4><span style=\"color: #ee7326;\">Pr\u00f3ximas Feiras<\/span><\/h4>\n<p>[\/vc_column_text][vc_empty_space height=\u201d15px\u201d][vc_column_text css=\u201d\u201d]<\/p>\n<ul>\n<li><a href=\"#galiciabiodays\">Galicia Biodays<\/a><\/li>\n<li><a href=\"#meetech\">Meetech Spain<\/a><\/li>\n<li><a href=\"#fruitattraction\">Fruit Attraction<\/a><\/li>\n<\/ul>\n<p>[\/vc_column_text][vc_column_text css=\u201d\u201d]<\/p>\n<h4><span style=\"color: #ee7326;\">Feiras anteriores<\/span><\/h4>\n<p>[\/vc_column_text][vc_empty_space height=\u201d15px\u201d][vc_column_text]<\/p>\n<ul>\n<li><a href=\"#biofach\">BIOFACH<\/a><\/li>\n<li><a href=\"#alimentaria\">Alimentaria<\/a><\/li>\n<li><a href=\"#meetingpack\">Meetingpack<\/a><\/li>\n<li><a href=\"#incosmetics\">In Cosmetics<\/a><\/li>\n<li><a href=\"#hispack\">Hispack<\/a><\/li>\n<li><a href=\"#vitafoods\">Vitafoods<\/a><\/li>\n<\/ul>\n<p>[\/vc_column_text][\/vc_column_inner][vc_column_inner width=\u201d1\/3\u2033][vc_column_text css=\u201d\u201d el_class=\u201denlace_borde_naranja\u201d]<a href=\"https:\/\/www.ainia.com\/ferias-2023\/\">Ver feiras 2023<\/a>[\/vc_column_text][\/vc_column_inner][\/vc_row_inner][\/vc_column][\/vc_row][vc_row][vc_column][vc_column_text][\/vc_column_text][\/vc_column][\/vc_row][vc_row el_class=\u201dancla_prospectiva\u201d el_id=\u201dbiofach\u201d][vc_column][vc_row_inner el_class=\u201dvc_container_inner\u201d][vc_column_inner][vc_column_text]<\/p>\n<h2>BIOFACH &amp; VIVANESS<\/h2>\n<p>[\/vc_column_text][\/vc_column_inner][\/vc_row_inner][vc_row_inner el_class=\u201dvc_container_inner\u201d][vc_column_inner width=\u201d1\/3\u2033][vc_column_text css=\u201d\u201d el_class=\u201dfecha\u201d]<strong>Data<\/strong>: 13-16 de fevereiro<\/p>\n<p><strong>Localiza\u00e7\u00e3o<\/strong>: Nuremberg, Alemanha[\/vc_column_text][\/vc_column_inner][vc_column_inner width=\u201d1\/3\u2033][vc_column_text css=\u201d\u201d el_class=\u201dfecha\u201d]<strong>Formato<\/strong>: presencial<\/p>\n<p><strong>Setor:<\/strong> alimenta\u00e7\u00e3o e cosm\u00e9tica ecol\u00f3gicas[\/vc_column_text][\/vc_column_inner][vc_column_inner width=\u201d1\/3\u2033][vc_column_text el_class=\u201dfecha\u201d]<strong>Stand: <\/strong>5-448[\/vc_column_text][\/vc_column_inner][\/vc_row_inner][vc_row_inner el_class=\u201dvc_container_inner\u201d][vc_column_inner width=\u201d2\/3\u2033][vc_column_text css=\u201d\u201d el_class=\u201dfecha\u201d]Uma das principais feiras mundiais para profissionais de produtos ecol\u00f3gicos dos setores agroalimentar e cosm\u00e9tico. A edi\u00e7\u00e3o de 2023 contou com quase 36.000 visitantes de 135 pa\u00edses e 2.766 expositores. A feira apresenta as \u00faltimas tend\u00eancias do setor, demonstra\u00e7\u00f5es de produtos e espa\u00e7os para networking e reuni\u00f5es privadas.<\/p>\n<p>O lema desta edi\u00e7\u00e3o \u00e9: \u201c<em><strong>Food for the Future: Women\u2019s Impact on Sustainable Food Systems<\/strong><\/em>\u201d.<\/p>\n<p>AINIA estar\u00e1 no Pavilh\u00e3o 5, estande 5-448, junto a outras empresas e centros espanh\u00f3is.<\/p>\n<p>Para os membros da AINIA Network, contamos com c\u00f3digos de convite para esta feira. Convites limitados.[\/vc_column_text][\/vc_column_inner][vc_column_inner width=\u201d1\/3\u2033][vc_column_text css=\u201d\u201d el_class=\u201dboton_naranja\u201d]<a href=\"\/pt\/ainia-network\/#contactar\">Consiga sua convite<\/a>[\/vc_column_text][\/vc_column_inner][\/vc_row_inner][vc_empty_space height=\u201d150px\u201d][\/vc_column][\/vc_row][vc_row][vc_column][vc_column_text][\/vc_column_text][\/vc_column][\/vc_row][vc_row el_class=\u201dancla_prospectiva\u201d el_id=\u201dalimentaria\u201d][vc_column][vc_row_inner el_class=\u201dvc_container_inner\u201d][vc_column_inner][vc_column_text]<\/p>\n<h2>Alimentaria &amp; Hostelco<\/h2>\n<p>[\/vc_column_text][\/vc_column_inner][\/vc_row_inner][vc_row_inner el_class=\u201dvc_container_inner\u201d][vc_column_inner width=\u201d1\/3\u2033][vc_column_text css=\u201d\u201d el_class=\u201dfecha\u201d]<strong>Data<\/strong>: 18-21 de mar\u00e7o<\/p>\n<p><strong>Localiza\u00e7\u00e3o<\/strong>: Barcelona \u2013 Recinto Gran V\u00eda[\/vc_column_text][vc_empty_space][\/vc_column_inner][vc_column_inner width=\u201d1\/3\u2033][vc_column_text css=\u201d\u201d el_class=\u201dfecha\u201d]<strong>Formato<\/strong>: presencial<\/p>\n<p><strong>Setor<\/strong>: alimenta\u00e7\u00e3o[\/vc_column_text][vc_empty_space][\/vc_column_inner][vc_column_inner width=\u201d1\/3\u2033][vc_column_text el_class=\u201dfecha\u201d]<strong>Stand: <\/strong>Partners, Alimentaria Hub[\/vc_column_text][vc_column_text css=\u201d\u201d el_class=\u201denlace_borde_naranja\u201d]<\/p>\n<p style=\"text-align: center;\"><a href=\"https:\/\/ecatalogue.firabarcelona.com\/AlimentariaHostelco2024\/exhibitor\/216407\/detail?lang=es_ES\" target=\"_blank\" rel=\"noopener\">Ver espa\u00e7o online<\/a><\/p>\n<p>[\/vc_column_text][vc_empty_space][\/vc_column_inner][\/vc_row_inner][vc_row_inner el_class=\u201dvc_container_inner\u201d][vc_column_inner width=\u201d6\/12\u2033][vc_column_text css=\u201d.vc_custom_1720609020710{padding-top: 10px !important;padding-right: 10px !important;padding-bottom: 10px !important;padding-left: 10px !important;background-color: #f8f8f8 !important;}\u201d el_class=\u201dfecha\u201d]Quarta-feira, 20 de mar\u00e7o, 11:00h \u2013 12:00h | Hall 5 | The Alimentaria Hub \u2013 Sala Innoval by CaixaBank<br>\n<strong>Apresenta\u00e7\u00e3o: \u201cCircularidade em Alimenta\u00e7\u00e3o: Novas tecnologias, regula\u00e7\u00e3o e mercado\u201d<\/strong><br>\nBego\u00f1a Ruiz, Diretora de Tecnologias | Roberto Ortu\u00f1o, Respons\u00e1vel de Seguran\u00e7a Alimentar[\/vc_column_text][vc_column_text el_class=\u201denlace_borde_naranja\u201d]<\/p>\n<p style=\"text-align: center;\"><a href=\"https:\/\/www.alimentaria.com\/agenda\/circularidad-en-alimentacion-nuevas-tecnologias-regulacion-y-mercado\/\" target=\"_blank\" rel=\"noopener\">Ver agenda<\/a><\/p>\n<p>[\/vc_column_text][vc_empty_space][vc_column_text css=\u201d\u201d el_class=\u201dfecha\u201d]Feira bienal de refer\u00eancia no setor de alimenta\u00e7\u00e3o, com mais de 85.000 m\u00b2 de \u00e1rea e 7 pavilh\u00f5es. Na edi\u00e7\u00e3o de 2022, recebeu cerca de 100.000 visitantes de 52 pa\u00edses, contou com mais de 100 palestras e 3.000 expositores.<\/p>\n<p>Encontro internacional para profissionais da cadeia de alimenta\u00e7\u00e3o, bebidas e food service, focado em promover a internacionaliza\u00e7\u00e3o, a inova\u00e7\u00e3o, os neg\u00f3cios e a especializa\u00e7\u00e3o.<\/p>\n<p>AINIA participar\u00e1 na Alimentaria 2024 como Silver Partner do The Alimentaria Hub, centro neur\u00e1lgico da feira que abriga congressos, confer\u00eancias, \u00e1reas de exposi\u00e7\u00e3o de novidades, \u00e1reas de networking e cerim\u00f4nias de premia\u00e7\u00e3o.[\/vc_column_text][\/vc_column_inner][vc_column_inner width=\u201d2\/12\u2033][\/vc_column_inner][vc_column_inner width=\u201d4\/12\u2033 css=\u201d.vc_custom_1710237926168{background-color: #f8f8f8 !important;}\u201d][vc_column_text css=\u201d\u201d el_class=\u201dfecha\u201d]<\/p>\n<div class=\"group\/conversation-turn relative flex w-full min-w-0 flex-col agent-turn\">\n<div class=\"flex-col gap-1 md:gap-3\">\n<div class=\"flex flex-grow flex-col max-w-full\">\n<div class=\"min-h-[20px] text-message flex flex-col items-start whitespace-pre-wrap break-words [.text-message+&amp;]:mt-5 juice:w-full juice:items-end overflow-x-auto gap-2\" dir=\"auto\" data-message-author-role=\"assistant\" data-message-id=\"2959a31e-1e53-4124-82dc-8f5e3d550190\">\n<div class=\"flex w-full flex-col gap-1 juice:empty:hidden juice:first:pt-[3px]\">\n<div class=\"markdown prose w-full break-words dark:prose-invert light\">\n<h3 style=\"text-align: center;\"><strong>Reuni\u00f5es<\/strong><\/h3>\n<\/div>\n<\/div>\n<\/div>\n<\/div>\n<\/div>\n<\/div>\n<p style=\"text-align: center;\">Quer agendar uma reuni\u00e3o com um\/a dos\/as nossos\/as especialistas presentes na feira?<\/p>\n<p style=\"text-align: left;\"><strong>Israel Garc\u00eda<\/strong>. Delegado Comercial<\/p>\n<p style=\"text-align: left;\"><strong>Encarna G\u00f3mez<\/strong>. Diretora de Mercado<\/p>\n<p style=\"text-align: left;\"><strong>Laura Mart\u00edn<\/strong>. Desenvolvimento de Neg\u00f3cios da Unidade de Tecnologias<\/p>\n<p style=\"text-align: left;\"><strong>Roberto Ortu\u00f1o<\/strong>. Food Safety and Quality Manager<\/p>\n<p style=\"text-align: left;\"><strong>Bego\u00f1a Ruiz<\/strong>. Diretora de Tecnolog\u00edas<\/p>\n<p class=\"last-child\" style=\"text-align: left;\"><strong>Mariana Valverde<\/strong>. Respons\u00e1vel pelas Ind\u00fastrias Alimentares<\/p>\n<p>[\/vc_column_text][vc_column_text css=\u201d\u201d el_class=\u201dboton_naranja\u201d]<\/p>\n<p style=\"text-align: center;\"><a href=\"https:\/\/outlook.office365.com\/book\/G18f1628009c044e49c677367335ed65f@ainia.es\/s\/2kuT2D3NUkWr6MGlQJqNeQ2\">Solicitar reuni\u00e3o<\/a><\/p>\n<p>[\/vc_column_text][vc_empty_space][\/vc_column_inner][\/vc_row_inner][vc_empty_space height=\u201d150px\u201d][\/vc_column][\/vc_row][vc_row][vc_column][vc_column_text][\/vc_column_text][\/vc_column][\/vc_row][vc_row el_class=\u201dancla_prospectiva\u201d el_id=\u201dmeetingpack\u201d][vc_column][vc_row_inner el_class=\u201dvc_container_inner\u201d][vc_column_inner][vc_column_text]<\/p>\n<h2>MeetingPack<\/h2>\n<p>[\/vc_column_text][\/vc_column_inner][\/vc_row_inner][vc_row_inner el_class=\u201dvc_container_inner\u201d][vc_column_inner width=\u201d1\/3\u2033][vc_column_text css=\u201d\u201d el_class=\u201dfecha\u201d]<strong>Data<\/strong>: 10-11 de abril<\/p>\n<p><strong>Localiza\u00e7\u00e3o<\/strong>: Pal\u00e1cio de Congressos de Val\u00eancia[\/vc_column_text][\/vc_column_inner][vc_column_inner width=\u201d1\/3\u2033][vc_column_text css=\u201d\u201d el_class=\u201dfecha\u201d]<strong>Formato<\/strong>: presencial<\/p>\n<p><strong>Setor<\/strong>: embalagens[\/vc_column_text][\/vc_column_inner][vc_column_inner width=\u201d1\/3\u2033][vc_column_text css=\u201d\u201d el_class=\u201dfecha\u201d]<strong>Stand:<\/strong>\u00a0Em breve[\/vc_column_text][\/vc_column_inner][\/vc_row_inner][vc_row_inner el_class=\u201dvc_container_inner\u201d][vc_column_inner width=\u201d2\/3\u2033][vc_column_text css=\u201d\u201d el_class=\u201dfecha\u201d]MeetingPack 2024 ocorrer\u00e1 nos dias 10 e 11 de abril de 2024 no Pal\u00e1cio de Congressos de Val\u00eancia. Essas duas jornadas ser\u00e3o estruturadas em oito blocos tem\u00e1ticos.<\/p>\n<p>Os participantes ter\u00e3o a oportunidade de debater sobre a sustentabilidade ambiental das embalagens alimentares e a necessidade de combin\u00e1-la com a funcionalidade de alta barreira que o mercado exige desses produtos.[\/vc_column_text][\/vc_column_inner][vc_column_inner width=\u201d1\/3\u2033][vc_column_text el_class=\u201dboton_naranja\u201d]<a href=\"https:\/\/meetingpack.com\/congreso-programa-envases-barrera\/\" target=\"_blank\" rel=\"noopener nofollow\">Ver programa<\/a>[\/vc_column_text][vc_column_text css=\u201d\u201d el_class=\u201dboton_naranja\u201d]<a href=\"https:\/\/meetingpack.com\/asistir\/\" target=\"_blank\" rel=\"noopener nofollow\">Inscri\u00e7\u00e3o<\/a>[\/vc_column_text][\/vc_column_inner][\/vc_row_inner][vc_empty_space height=\u201d150px\u201d][\/vc_column][\/vc_row][vc_row][vc_column][vc_column_text][\/vc_column_text][\/vc_column][\/vc_row][vc_row el_class=\u201dancla_prospectiva\u201d el_id=\u201dincosmetics\u201d][vc_column][vc_row_inner el_class=\u201dvc_container_inner\u201d][vc_column_inner][vc_column_text]<\/p>\n<h2>In-cosmetics Global<\/h2>\n<p>[\/vc_column_text][\/vc_column_inner][\/vc_row_inner][vc_row_inner el_class=\u201dvc_container_inner\u201d][vc_column_inner width=\u201d1\/3\u2033][vc_column_text css=\u201d\u201d el_class=\u201dfecha\u201d]<strong>Data<\/strong>: 16-18 de abril<\/p>\n<p><strong>Localiza\u00e7\u00e3o<\/strong>: Paris, Fran\u00e7a[\/vc_column_text][\/vc_column_inner][vc_column_inner width=\u201d1\/3\u2033][vc_column_text css=\u201d\u201d el_class=\u201dfecha\u201d]<strong>Formato<\/strong>: presencial<\/p>\n<p><strong>Setor<\/strong>: cosm\u00e9tica[\/vc_column_text][\/vc_column_inner][vc_column_inner width=\u201d1\/3\u2033][vc_column_text el_class=\u201dfecha\u201d]<strong>Stand:<\/strong> 2H51[\/vc_column_text][vc_column_text css=\u201d\u201d el_class=\u201denlace_borde_naranja\u201d]<\/p>\n<p style=\"text-align: center;\"><a href=\"https:\/\/www.in-cosmetics.com\/global\/en-gb\/exhibitor-details.ainia.org-f0810142-fed5-4c61-8d31-a9aadaca0941.html#\/\" target=\"_blank\" rel=\"noopener\">Ver espa\u00e7o online<\/a><\/p>\n<p>[\/vc_column_text][vc_empty_space][\/vc_column_inner][\/vc_row_inner][vc_row_inner el_class=\u201dvc_container_inner\u201d][vc_column_inner width=\u201d2\/3\u2033][vc_column_text css=\u201d\u201d el_class=\u201dfecha\u201d]Evento global que conecta todas as \u00e1reas da ind\u00fastria cosm\u00e9tica, criando um espa\u00e7o para compartilhar conhecimentos e gerar inspira\u00e7\u00e3o e colabora\u00e7\u00f5es. O programa inclui apresenta\u00e7\u00f5es, semin\u00e1rios e exposi\u00e7\u00f5es sobre sustentabilidade, tend\u00eancias, mat\u00e9rias-primas, formula\u00e7\u00e3o e novas t\u00e9cnicas e ingredientes. Na edi\u00e7\u00e3o de 2023, mais de 10.000 visitantes compareceram e mais de 900 expositores de mais de 50 pa\u00edses participaram.<\/p>\n<p>AINIA participar\u00e1 este ano no Pavilh\u00e3o Espanhol, em parceria com o Beauty Cluster.[\/vc_column_text][\/vc_column_inner][vc_column_inner width=\u201d1\/3\u2033 css=\u201d.vc_custom_1711034153485{background-color: #f8f8f8 !important;}\u201d][vc_column_text css=\u201d\u201d el_class=\u201dfecha\u201d]Para os membros da <strong><a href=\"https:\/\/www.ainia.com\/pt\/ainia-network\/\">AINIA Network<\/a><\/strong>, contamos com c\u00f3digos de convite para esta feira. Convites limitados.[\/vc_column_text][vc_column_text css=\u201d\u201d el_class=\u201dboton_naranja\u201d]<\/p>\n<p style=\"text-align: center;\"><a href=\"\/pt\/ainia-network\/#contactar\" target=\"_blank\" rel=\"noopener\">Solicitar convite<\/a><\/p>\n<p>[\/vc_column_text][vc_empty_space][\/vc_column_inner][\/vc_row_inner][vc_empty_space height=\u201d150px\u201d][\/vc_column][\/vc_row][vc_row][vc_column][vc_column_text][\/vc_column_text][\/vc_column][\/vc_row][vc_row el_class=\u201dancla_prospectiva\u201d el_id=\u201dhispack\u201d][vc_column][vc_row_inner el_class=\u201dvc_container_inner\u201d][vc_column_inner][vc_column_text]<\/p>\n<h2>Hispack<\/h2>\n<p>[\/vc_column_text][\/vc_column_inner][\/vc_row_inner][vc_row_inner el_class=\u201dvc_container_inner\u201d][vc_column_inner width=\u201d1\/3\u2033][vc_column_text css=\u201d\u201d el_class=\u201dfecha\u201d]<strong>Data:<\/strong> 7-10 de maio<\/p>\n<p><strong>Localiza\u00e7\u00e3o<\/strong>: Barcelona \u2013 Recinto Gran V\u00eda[\/vc_column_text][\/vc_column_inner][vc_column_inner width=\u201d1\/3\u2033][vc_column_text css=\u201d\u201d el_class=\u201dfecha\u201d]<strong>Formato<\/strong>: presencial<\/p>\n<p><strong>Setor<\/strong>: embalagens[\/vc_column_text][\/vc_column_inner][vc_column_inner width=\u201d1\/3\u2033][vc_column_text css=\u201d\u201d el_class=\u201dfecha\u201d]<strong>Stand:<\/strong>\u00a0PAVILH\u00c3O 2, N\u00edvel 0, Rua D, Estande 129[\/vc_column_text][vc_column_text css=\u201d\u201d el_class=\u201denlace_borde_naranja\u201d]<\/p>\n<p style=\"text-align: center;\"><a href=\"https:\/\/ecatalogue.firabarcelona.com\/hispack2024\/exhibitor\/215800\/detail?lang=es_ES\" target=\"_blank\" rel=\"noopener\">Ver espa\u00e7o online<\/a><\/p>\n<p>[\/vc_column_text][vc_empty_space][\/vc_column_inner][\/vc_row_inner][vc_row_inner el_class=\u201dvc_container_inner\u201d][vc_column_inner width=\u201d2\/3\u2033][vc_column_text css=\u201d\u201d el_class=\u201dfecha\u201d]Feira bienal internacional de inova\u00e7\u00e3o em embalagens, processamento e log\u00edstica. Em 2022, contou com mais de 27.000 visitantes e 720 expositores.<\/p>\n<p>Esta nova edi\u00e7\u00e3o est\u00e1 estruturada em 5 setores-chave para empresas de alimenta\u00e7\u00e3o e outros setores: Industrial Packaging, Labelling &amp; Bottling, Logistics, Automation &amp; Robotics, Brand Packaging e Packaging Machinery &amp; Process.[\/vc_column_text][vc_column_text css=\u201d.vc_custom_1720610452516{padding-top: 10px !important;padding-right: 10px !important;padding-bottom: 10px !important;padding-left: 10px !important;background-color: #f8f8f8 !important;}\u201d el_class=\u201dfecha\u201d]Ter\u00e7a-feira, 7 de maio, 12:00h \u2013 12:30h | Hispack Unboxing<br>\n<a style=\"color: #ee7326;\" href=\"https:\/\/www.hispack.com\/actividades\/single%e2%80%90pack-desarrollo-de-nuevos-envases-monodosis-biodegradables-compostables-para-el-envasado-de-salsas-y-aceites\/\" target=\"_blank\" rel=\"noopener\"><strong>Keynote: \u201cSINGLE\u2010PACK: Desenvolvimento de novas embalagens monodose biodegrad\u00e1veis-compost\u00e1veis para o envase de molhos e \u00f3leos\u201d\u00a0<\/strong><\/a><br>\nConcha Navarro | Respons\u00e1vel de Embalagens e Materiais[\/vc_column_text][vc_empty_space height=\u201d5px\u201d][vc_column_text css=\u201d.vc_custom_1720610831372{padding-top: 10px !important;padding-right: 10px !important;padding-bottom: 10px !important;padding-left: 10px !important;background-color: #f8f8f8 !important;}\u201d el_class=\u201dfecha\u201d]Quinta-feira, 9 de maio, 15:30h \u2013 16:30h | Hispack Unboxing<br>\n<a style=\"color: #ee7326;\" href=\"https:\/\/www.hispack.com\/actividades\/materiales-envases-y-procesos-de-reciclado-sostenibles-para-la-generacion-de-envases-barrera-para-el-sector-alimentario\/\" target=\"_blank\" rel=\"noopener\"><strong>Mesa-redonda: : \u201cMateriais, embalagens e processos de reciclagem sustent\u00e1veis para a gera\u00e7\u00e3o de embalagens barreira para o setor aliment\u00edcio\u201d\u00a0<\/strong><\/a><br>\nLeonor Pascual | Gerente de Projetos de Embalagem[\/vc_column_text][\/vc_column_inner][vc_column_inner width=\u201d1\/3\u2033 css=\u201d.vc_custom_1711034163000{background-color: #f8f8f8 !important;}\u201d][vc_column_text css=\u201d\u201d el_class=\u201dfecha\u201d]Para os membros da <strong><a href=\"https:\/\/www.ainia.com\/pt\/ainia-network\/\">AINIA Network<\/a><\/strong>, contamos com c\u00f3digos de convite para esta feira. Convites limitados.[\/vc_column_text][vc_column_text css=\u201d\u201d el_class=\u201dboton_naranja\u201d]<\/p>\n<p style=\"text-align: center;\"><a href=\"\/pt\/ainia-network\/#contactar\" target=\"_blank\" rel=\"noopener\">Solicitar convite<\/a><\/p>\n<p>[\/vc_column_text][vc_empty_space][\/vc_column_inner][\/vc_row_inner][vc_empty_space height=\u201d150px\u201d][\/vc_column][\/vc_row][vc_row][vc_column][vc_column_text][\/vc_column_text][\/vc_column][\/vc_row][vc_row el_class=\u201dancla_prospectiva\u201d el_id=\u201dvitafoods\u201d][vc_column][vc_row_inner el_class=\u201dvc_container_inner\u201d][vc_column_inner][vc_column_text]<\/p>\n<h2>Vitafoods Europe<\/h2>\n<p>[\/vc_column_text][\/vc_column_inner][\/vc_row_inner][vc_row_inner el_class=\u201dvc_container_inner\u201d][vc_column_inner width=\u201d1\/3\u2033][vc_column_text css=\u201d\u201d el_class=\u201dfecha\u201d]<strong>Data<\/strong>: 14-16 de maio<\/p>\n<p><strong>Localiza\u00e7\u00e3o<\/strong>: Genebra, Su\u00ed\u00e7a[\/vc_column_text][\/vc_column_inner][vc_column_inner width=\u201d1\/3\u2033][vc_column_text css=\u201d\u201d el_class=\u201dfecha\u201d]<strong>Formato<\/strong>: h\u00edbrido<\/p>\n<p><strong>Setor<\/strong>: alimenta\u00e7\u00e3o e nutrac\u00eauticos[\/vc_column_text][\/vc_column_inner][vc_column_inner width=\u201d1\/3\u2033][vc_column_text el_class=\u201dfecha\u201d]<strong>Stand: <\/strong>J202[\/vc_column_text][\/vc_column_inner][\/vc_row_inner][vc_row_inner content_placement=\u201dtop\u201d el_class=\u201dvc_container_inner\u201d][vc_column_inner width=\u201d2\/3\u2033][vc_column_text css=\u201d\u201d el_class=\u201dfecha\u201d]Vitafoods \u00e9 uma das principais feiras nutrac\u00eauticas da Europa, direcionada a profissionais de nutri\u00e7\u00e3o em todas as suas fases, desde o desenvolvimento de ingredientes at\u00e9 a oferta de servi\u00e7os e equipamentos, passando pela gera\u00e7\u00e3o de produtos finais e sua fabrica\u00e7\u00e3o. Na edi\u00e7\u00e3o anterior, mais de 18.000 participantes de 162 pa\u00edses e mais de 1.000 expositores estiveram presentes.<\/p>\n<p>AINIA participar\u00e1 com um estande no Hall H6, J202.[\/vc_column_text][\/vc_column_inner][vc_column_inner width=\u201d1\/3\u2033 css=\u201d.vc_custom_1711034172289{background-color: #f8f8f8 !important;}\u201d][vc_column_text css=\u201d\u201d el_class=\u201dfecha\u201d]Para os membros da <strong><a href=\"https:\/\/www.ainia.com\/pt\/ainia-network\/\">AINIA Network<\/a><\/strong>, contamos com c\u00f3digos de convite para esta feira. Convites limitados.[\/vc_column_text][vc_column_text css=\u201d\u201d el_class=\u201dboton_naranja\u201d]<\/p>\n<p style=\"text-align: center;\"><a href=\"\/pt\/ainia-network\/#contactar\" target=\"_blank\" rel=\"noopener\">Solicitar convite<\/a><\/p>\n<p>[\/vc_column_text][vc_empty_space][\/vc_column_inner][\/vc_row_inner][vc_empty_space height=\u201d150px\u201d][\/vc_column][\/vc_row][vc_row][vc_column][vc_column_text][\/vc_column_text][\/vc_column][\/vc_row][vc_row el_class=\u201dancla_prospectiva\u201d el_id=\u201dgaliciabiodays\u201d][vc_column][vc_row_inner el_class=\u201dvc_container_inner\u201d][vc_column_inner][vc_column_text css=\u201d\u201d]<\/p>\n<h2>Galicia Biodays<\/h2>\n<p>[\/vc_column_text][\/vc_column_inner][\/vc_row_inner][vc_row_inner el_class=\u201dvc_container_inner\u201d][vc_column_inner width=\u201d1\/3\u2033][vc_column_text css=\u201d\u201d el_class=\u201dfecha\u201d]<strong>Data<\/strong>: 12-13 de junho<\/p>\n<p><strong>Localiza\u00e7\u00e3o<\/strong>: Audit\u00f3rio Mar de Vigo[\/vc_column_text][\/vc_column_inner][vc_column_inner width=\u201d1\/3\u2033][vc_column_text css=\u201d\u201d el_class=\u201dfecha\u201d]<strong>Formato<\/strong>: presencial<\/p>\n<p><strong>Setor<\/strong>: biotecnologia[\/vc_column_text][\/vc_column_inner][vc_column_inner width=\u201d1\/3\u2033][vc_column_text css=\u201d\u201d el_class=\u201dfecha\u201d]<strong>Stand: <\/strong>3[\/vc_column_text][\/vc_column_inner][\/vc_row_inner][vc_row_inner content_placement=\u201dtop\u201d el_class=\u201dvc_container_inner\u201d][vc_column_inner width=\u201d2\/3\u2033][vc_column_text css=\u201d\u201d el_class=\u201dfecha\u201d]2\u00aa edi\u00e7\u00e3o do F\u00f3rum de Refer\u00eancia da ind\u00fastria de biotecnologia e ci\u00eancias da vida no Espa\u00e7o Atl\u00e2ntico. Na edi\u00e7\u00e3o anterior, participaram mais de 800 assistentes e 65 palestrantes.[\/vc_column_text][vc_column_text css=\u201d\u201d el_class=\u201denlace_borde_naranja\u201d]<\/p>\n<p style=\"text-align: center;\"><a href=\"https:\/\/www.galiciabiodays.com\/es\/programa-12-junio\/\" target=\"_blank\" rel=\"noopener\">Ver programa<\/a><\/p>\n<p>[\/vc_column_text][vc_empty_space][vc_column_text css=\u201d.vc_custom_1720611621732{padding-top: 10px !important;padding-right: 10px !important;padding-bottom: 10px !important;padding-left: 10px !important;background-color: #f8f8f8 !important;}\u201d el_class=\u201dfecha\u201d]Quarta-feira, 12 de junho, 13:30h \u2013 14:30h | Sala Principal<br>\n<strong>Mesa Redonda: \u00abOs desafios biotecnol\u00f3gicos na cosm\u00e9tica, inova\u00e7\u00f5es a servi\u00e7o do bem-estar\u00bb, Cantabria Labs<\/strong><br>\nAna Torrej\u00f3n | Respons\u00e1vel de Microbiologia e Biotecnologia Industrial na AINIA[\/vc_column_text][vc_empty_space height=\u201d5px\u201d][vc_column_text css=\u201d.vc_custom_1720611700680{padding-top: 10px !important;padding-right: 10px !important;padding-bottom: 10px !important;padding-left: 10px !important;background-color: #f8f8f8 !important;}\u201d el_class=\u201dfecha\u201d]Quinta-feira, 13 de junho, 16:30h \u2013 17:30h | Sala Principal<br>\n<strong>Mesa Redonda: \u00abTecnologias \u00f4micas e conviv\u00eancia proteica para a inova\u00e7\u00e3o na ind\u00fastria aliment\u00edcia\u00bb, ANFACO CECOPESCA<\/strong><br>\nLidia Tom\u00e1s | Respons\u00e1vel de Estudos Pr\u00e9-Cl\u00ednicos in vitro na AINIA[\/vc_column_text][\/vc_column_inner][vc_column_inner width=\u201d1\/3\u2033 css=\u201d.vc_custom_1711034172289{background-color: #f8f8f8 !important;}\u201d][vc_column_text css=\u201d\u201d el_class=\u201dfecha\u201d]Para os membros da <strong><a href=\"https:\/\/www.ainia.com\/pt\/ainia-network\/\">AINIA Network<\/a><\/strong>, contamos com c\u00f3digos de convite para esta feira. Convites limitados.[\/vc_column_text][vc_column_text css=\u201d\u201d el_class=\u201dboton_naranja\u201d]<\/p>\n<p style=\"text-align: center;\"><a href=\"\/pt\/ainia-network\/#contactar\" target=\"_blank\" rel=\"noopener\">Solicitar convite<\/a><\/p>\n<p>[\/vc_column_text][vc_empty_space][\/vc_column_inner][\/vc_row_inner][vc_empty_space height=\u201d150px\u201d][\/vc_column][\/vc_row][vc_row][vc_column][vc_column_text][\/vc_column_text][\/vc_column][\/vc_row][vc_row el_class=\u201dancla_prospectiva\u201d el_id=\u201dmeetech\u201d][vc_column][vc_row_inner el_class=\u201dvc_container_inner\u201d][vc_column_inner][vc_column_text css=\u201d\u201d]<\/p>\n<h2>Meetech Spain<\/h2>\n<p>[\/vc_column_text][\/vc_column_inner][\/vc_row_inner][vc_row_inner el_class=\u201dvc_container_inner\u201d][vc_column_inner width=\u201d1\/3\u2033][vc_column_text css=\u201d\u201d el_class=\u201dfecha\u201d]<strong>Data<\/strong>: 13-14 de junho<\/p>\n<p><strong>Localiza\u00e7\u00e3o:<\/strong> MEEU, Madrid[\/vc_column_text][\/vc_column_inner][vc_column_inner width=\u201d1\/3\u2033][vc_column_text css=\u201d\u201d el_class=\u201dfecha\u201d]<strong>Formato:<\/strong> presencial<\/p>\n<p><strong>Setor:<\/strong> inova\u00e7\u00e3o[\/vc_column_text][\/vc_column_inner][vc_column_inner width=\u201d1\/3\u2033][vc_column_text css=\u201d\u201d el_class=\u201dfecha\u201d]<strong>Estande:<\/strong> \u00e1rea Showroom Tecnol\u00f3gico[\/vc_column_text][\/vc_column_inner][\/vc_row_inner][vc_row_inner content_placement=\u201dtop\u201d el_class=\u201dvc_container_inner\u201d][vc_column_inner width=\u201d2\/3\u2033][vc_column_text css=\u201d\u201d el_class=\u201dfecha\u201d]Espa\u00e7o \u00fanico de encontro, conex\u00e3o e coopera\u00e7\u00e3o entre empresas, organismos de pesquisa e Centros Tecnol\u00f3gicos da Espanha. Contar\u00e1 com um showroom de inova\u00e7\u00e3o, \u00e1rea de expositores, confer\u00eancias inspiradoras, mesas redondas e um speaker corner com as \u00faltimas novidades.[\/vc_column_text][vc_column_text css=\u201d\u201d el_class=\u201denlace_borde_naranja\u201d]<\/p>\n<p style=\"text-align: center;\"><a href=\"https:\/\/www.meetechspain.com\/programa\/\" target=\"_blank\" rel=\"noopener\">Ver programa<\/a><\/p>\n<p>[\/vc_column_text][vc_empty_space][vc_column_text css=\u201d.vc_custom_1720614660311{padding-top: 10px !important;padding-right: 10px !important;padding-bottom: 10px !important;padding-left: 10px !important;background-color: #f8f8f8 !important;}\u201d el_class=\u201dfecha\u201d]Quinta-feira, 13 de junho, 17:35h \u2013 17:40h | Speaker Corner<br>\n<strong>Palestra: \u00abBiorrefinarias para a mobilidade\u00bb, AINIA<\/strong><br>\nDenise Fl\u00f3rez | Desenvolvimento de Neg\u00f3cios[\/vc_column_text][vc_empty_space height=\u201d5px\u201d][vc_column_text css=\u201d.vc_custom_1720614715509{padding-top: 10px !important;padding-right: 10px !important;padding-bottom: 10px !important;padding-left: 10px !important;background-color: #f8f8f8 !important;}\u201d el_class=\u201dfecha\u201d]Quinta-feira, 13 de junho, 16:30h \u2013 17:30h | Sala Principal<br>\n<strong>Mesa Redonda: \u00abTecnologias \u00f4micas e conviv\u00eancia proteica para a inova\u00e7\u00e3o na ind\u00fastria aliment\u00edcia\u00bb, ANFACO CECOPESCA<\/strong><br>\nLidia Tom\u00e1s | Respons\u00e1vel de Estudos Pr\u00e9-Cl\u00ednicos in vitro na AINIA[\/vc_column_text][\/vc_column_inner][vc_column_inner width=\u201d1\/3\u2033 css=\u201d.vc_custom_1711034172289{background-color: #f8f8f8 !important;}\u201d][\/vc_column_inner][\/vc_row_inner][vc_empty_space height=\u201d150px\u201d][\/vc_column][\/vc_row][vc_row][vc_column][vc_column_text][\/vc_column_text][\/vc_column][\/vc_row][vc_row el_class=\u201dancla_prospectiva\u201d el_id=\u201dfruitattraction\u201d][vc_column][vc_row_inner el_class=\u201dvc_container_inner\u201d][vc_column_inner][vc_column_text css=\u201d\u201d]<\/p>\n<h2>Fruit Attraction<\/h2>\n<p>[\/vc_column_text][\/vc_column_inner][\/vc_row_inner][vc_row_inner el_class=\u201dvc_container_inner\u201d][vc_column_inner width=\u201d1\/3\u2033][vc_column_text css=\u201d\u201d el_class=\u201dfecha\u201d]<strong>Data:<\/strong> 8-10 de outubro<\/p>\n<p><strong>Localiza\u00e7\u00e3o<\/strong>: IFEMA, Madrid[\/vc_column_text][\/vc_column_inner][vc_column_inner width=\u201d1\/3\u2033][vc_column_text css=\u201d\u201d el_class=\u201dfecha\u201d]<strong>Formato:<\/strong> h\u00edbrido<\/p>\n<p><strong>Setor:<\/strong> alimenta\u00e7\u00e3o[\/vc_column_text][\/vc_column_inner][vc_column_inner width=\u201d1\/3\u2033][vc_column_text css=\u201d\u201d el_class=\u201dfecha\u201d]<strong>Estande<\/strong>: 1B03, Pavilh\u00e3o 1[\/vc_column_text][\/vc_column_inner][\/vc_row_inner][vc_row_inner content_placement=\u201dtop\u201d el_class=\u201dvc_container_inner\u201d][vc_column_inner width=\u201d2\/3\u2033][vc_column_text css=\u201d\u201d el_class=\u201dfecha\u201d]Feira internacional de refer\u00eancia no setor hortofrut\u00edcola, direcionada a profissionais. A edi\u00e7\u00e3o anterior contou com mais de 100.000 visitantes de 145 pa\u00edses e 2.000 expositores. Possui diferentes \u00e1reas de exposi\u00e7\u00e3o, al\u00e9m de espa\u00e7os para apresenta\u00e7\u00f5es de novidades empresariais e um programa de jornadas t\u00e9cnicas, com sess\u00f5es de especialistas e centros de refer\u00eancia.[\/vc_column_text][vc_column_text css=\u201d\u201d el_class=\u201denlace_borde_naranja\u201d]<\/p>\n<p style=\"text-align: center;\"><a href=\"https:\/\/www.ifema.es\/fruit-attraction\/horario-actividades\" target=\"_blank\" rel=\"noopener\">Ver programa<\/a><\/p>\n<p>[\/vc_column_text][vc_empty_space][vc_column_text css=\u201d.vc_custom_1720614935328{padding-top: 10px !important;padding-right: 10px !important;padding-bottom: 10px !important;padding-left: 10px !important;background-color: #f8f8f8 !important;}\u201d el_class=\u201dfecha\u201d]<\/p>\n<div class=\"flex-shrink-0 flex flex-col relative items-end\">\n<div class=\"pt-0.5 juice:pt-0\">\n<div class=\"gizmo-bot-avatar flex h-6 w-6 items-center justify-center overflow-hidden rounded-full juice:h-8 juice:w-8\">\n<div class=\"relative p-1 rounded-sm flex items-center justify-center bg-token-main-surface-primary text-token-text-primary h-8 w-8\">Quarta-feira, 9 de outubro, 15:00 \u2013 16:00 | BIOTECH FORUM | Pavilh\u00e3o 1<br>\n<strong>Apresenta\u00e7\u00e3o da AINIA<\/strong><br>\n<em>Mais informa\u00e7\u00f5es em breve<\/em><\/div>\n<\/div>\n<\/div>\n<\/div>\n<p>[\/vc_column_text][\/vc_column_inner][vc_column_inner width=\u201d1\/3\u2033 css=\u201d.vc_custom_1711034172289{background-color: #f8f8f8 !important;}\u201d][vc_column_text css=\u201d\u201d el_class=\u201dfecha\u201d]Para os membros da <strong><a href=\"https:\/\/www.ainia.com\/pt\/ainia-network\/\">AINIA Network<\/a><\/strong>, contamos com c\u00f3digos de convite para esta feira. Convites limitados.[\/vc_column_text][vc_column_text css=\u201d\u201d]<\/p>\n<p style=\"text-align: center;\"><em>Pr\u00f3ximamente<\/em><\/p>\n<p>[\/vc_column_text][vc_empty_space][\/vc_column_inner][\/vc_row_inner][vc_empty_space height=\u201d150px\u201d][\/vc_column][\/vc_row][vc_row el_id=\u201dcontacto_ainia_prospectiva\u201d][vc_column][vc_row_inner el_class=\u201dvc_container_inner\u201d][vc_column_inner]<\/p><div class=\"wpb-content-wrapper\"><div class=\"vc_container_inner\"><div id=\"contacto_enlace_servicio\" class=\"vc_row wpb_row vc_row-fluid top_home_sectores bloque bloque_siete_top\"><div class=\"titular_top wpb_column vc_column_container vc_col-sm-12\"><div class=\"vc_column-inner\"><div class=\"wpb_wrapper\"><h4 class=\"titular_h2\">Em que te posso ajudar?<\/h4><\/div><\/div><\/div><\/div><\/div><div class=\"vc_container_inner\"><div class=\"vc_row wpb_row vc_row-fluid bloque_siete\"><div class=\"formulario_contacta wpb_column vc_column_container vc_col-sm-8\"><div class=\"vc_column-inner\"><div class=\"wpb_wrapper\"><div class=\"vc_row_inner\"><div class=\"vc_column_inner vc_col-sm-6\"><label>Nomes e apelidos*<\/label><input id=\"nombre\" name=\"nombre\" type=\"text\" maxlength=\"100\" required><\/div><div class=\"vc_column_inner vc_col-sm-6\"><label>Email*<\/label><input id=\"email\" name=\"email\" type=\"text\" maxlength=\"100\" required><\/div><\/div><div class=\"vc_row_inner\"><div class=\"vc_column_inner vc_col-sm-6\"><label>Empresa*<\/label><input id=\"empresa\" name=\"empresa\" type=\"text\" maxlength=\"100\" required><\/div><div class=\"vc_column_inner vc_col-sm-6\"><label>Telefone*<\/label><input id=\"telefono\" name=\"telefono\" maxlength=\"30\" type=\"text\" required><\/div><\/div><div class=\"vc_row_inner\"><div class=\"vc_column_inner vc_col-sm-12\"><label>Mensagem*<\/label><textarea id=\"mensaje\" name=\"consulta\" maxlength=\"1024\" required><\/textarea><\/div><\/div><div class=\"vc_row_inner\"><div class=\"vc_column_inner vc_col-sm-12\"><span style=\"color:#555555\"><strong>Informa\u00e7\u00f5es b\u00e1sicas sobre a prote\u00e7\u00e3o de dados<\/strong><\/span><br><br>\n<table border=\"0\" width=\"100%\" style=\"font-size:11px\">\n<tbody>\n  <tr>\n    <td width=\"57\" valign=\"top\"><strong>Respons\u00e1vel <\/strong><\/td>\n    <td width=\"520\" valign=\"top\">AINIA<\/td>\n  <\/tr>\n  <tr>\n    <td width=\"57\" valign=\"top\"><strong>Endere\u00e7o <\/strong><\/td>\n    <td width=\"520\" valign=\"top\">Calle Benjam\u00edn Franklin, 5 a 11, CP 46980 Paterna (Valencia)<\/td>\n  <\/tr>\n  <tr>\n    <td width=\"57\" valign=\"top\"><strong>Prop\u00f3sito <\/strong><\/td>\n    <td width=\"520\" valign=\"top\">Comparecer, registar-se e entrar em contacto consigo para resolver o pedido que nos faz atrav\u00e9s deste formul\u00e1rio de contacto<\/td>\n  <\/tr>\n  <tr>\n    <td width=\"57\" valign=\"top\"><strong>Legitima\u00e7\u00e3o <\/strong><\/td>\n    <td width=\"520\" valign=\"top\">Os seus dados ser\u00e3o tratados apenas com o seu consentimento, assinalando a caixa indicada neste formul\u00e1rio <\/td>\n  <\/tr>\n  <tr>\n    <td width=\"57\" valign=\"top\"><strong>Destinat\u00e1rios<\/strong><\/td>\n    <td width=\"520\" valign=\"top\">Os seus dados n\u00e3o ser\u00e3o transferidos para terceiros<\/td>\n  <\/tr>\n  <tr>\n    <td width=\"57\" valign=\"top\"><strong>Direitos<\/strong><\/td>\n    <td width=\"520\" valign=\"top\">Tem o direito de nos solicitar o acesso aos seus dados, retific\u00e1-los ou apag\u00e1-los, pode tamb\u00e9m solicitar-nos a limita\u00e7\u00e3o do seu tratamento, oposi\u00e7\u00e3o e portabilidade dos seus dados, contactando o nosso endere\u00e7o postal ou <a href=\"mailto:privacidade@ainia.es\" style=\"color:#ff6e00;\">privacy@ainia.es<\/a><\/td>\n  <\/tr>\n  <tr>\n    <td width=\"57\" valign=\"top\"><strong>Mais informa\u00e7\u00f5es <\/strong><\/td>\n    <td width=\"520\" valign=\"top\">Tem mais informa\u00e7\u00f5es na nossa <a href=\"https:\/\/www.ainia.com\/politica-privacidad\/\" style=\"color:#ff6e00;\">Pol\u00edtica de Privacidade<\/a><\/td>\n  <\/tr>\n  <tr>\n    <td width=\"57\" valign=\"top\"><strong>DPO <\/strong><\/td>\n    <td width=\"520\" valign=\"top\">Se tiver d\u00favidas sobre a forma como iremos processar os seus dados ou quiser fazer alguma sugest\u00e3o ou reclama\u00e7\u00e3o, contacte o Respons\u00e1vel pela Prote\u00e7\u00e3o de Dados atrav\u00e9s do e-mail info@businessadapter.es ou em <a href=\"https:\/\/www.businessadapter.es\/contacta-con-el-delegado-de-proteccion-de-datos\" style=\"color:#ff6e00 ;\"> Formul\u00e1rio de aten\u00e7\u00e3o aos interessados<\/a><\/td>\n  <\/tr>\n\t<\/tbody>\n<\/table><p class=\"acepto\"><input type=\"checkbox\" id=\"acepto_politica\" name=\"acepto\">  Autorizo \u200b\u200ba utiliza\u00e7\u00e3o dos meus dados pessoais para responder ao meu pedido, conforme estabelecido na vossa <a href=\"https:\/\/www.ainia.com\/pt\/feiras-2024\/\" target=\"_blank\" style=\"color:#ff6e00;\">Pol\u00edtica de Privacidade<\/a>.<\/p><p class=\"acepto\"><input type=\"checkbox\" id=\"acepto_comunicaciones\" name=\"acepto\">  Autorizo \u200b\u200ba utiliza\u00e7\u00e3o dos meus dados para receber informa\u00e7\u00f5es e comunica\u00e7\u00f5es comerciais da vossa entidade.<\/p><\/div><div class=\"vc_col-sm-5\"><div class=\"boton_enviar\"><input id=\"btn_enviar\" type=\"submit\" value=\"Enviar\"><\/div><\/div><\/div><div class=\"vc_col-sm-12\"><div class=\"respuesta_envio\"><\/div><\/div><div class=\"vc_col-sm-12\"><div class=\"error_container\"><\/div><\/div><\/div><\/div><\/div><div class=\"persona_contacto wpb_column vc_column_container vc_col-sm-4\"><div class=\"vc_column-inner\"><div class=\"wpb_wrapper\"><div class=\"imagen_persona_form\"><img decoding=\"async\" src=\"https:\/\/www.ainia.com\/wp-content\/uploads\/2022\/03\/Laura-Tamarit.jpg\"><\/div><div class=\"nombre\">Laura Tamarit<\/div><div class=\"cargo\">Marketing e Comunica\u00e7\u00e3o<\/div><\/div><\/div><\/div><\/div><\/div>\n    <script>\n      jQuery(document).on(\"click\", \"#btn_enviar\", function(e){\n        e.preventDefault();\n        var empty_required = 0;\n        jQuery(\".error_container\").html(\"\");\n        jQuery(\"input,textarea,select\").filter(\"[required]:visible\").each(function(){\n          if(jQuery(this).val() == null || jQuery(this).val() == \"\"){\n            empty_required++;\n          }\n        });\n\n        if(jQuery(\"#acepto_politica\").prop(\"checked\")){\n          if(is_valid_email(jQuery(\"#email\").val())){\n            if(!empty_required){\n              jQuery.ajax({\n                url: MyAjax.url,\n                type: \"post\",\n                dataType: \"json\",\n                data: {\n                  action: \"formulario_contacto\",\n                  formulario_origen: \"Feiras 2024\",\n                  url_origen: \"https:\/\/www.ainia.com\/pt\/feiras-2024\/\",\n                  nombre: jQuery(\"#nombre\").val(),\n                  email: jQuery(\"#email\").val(),\n\t\t\t\t  asunto: \"\",\n                  telefono: jQuery(\"#telefono\").val(),\n                  empresa: jQuery(\"input[id=empresa]\").val(),\n                  mensaje: jQuery(\"#mensaje\").val(),\n                  acepto_politica: jQuery(\"#acepto_politica\").prop(\"checked\") ? 1 : 0,\n                  acepto_comunicaciones: jQuery(\"#acepto_comunicaciones\").prop(\"checked\") ? 1 : 0\n                }\n              }).always(function(data){\n                  console.log(data)\n                  if(data){\n                    jQuery(\"input:not(input[type=submit]\").each(function(){\n                      jQuery(this).val(\"\");\n                    });\n                    jQuery(\"#mensaje\").val(\"\");\n                    jQuery(\"input[type=checkbox]\").each(function(){\n                      jQuery(this).prop(\"checked\", false);\n                    });\n                  }\n                  jQuery(\".respuesta_envio\").html(data);\n\t\t\t\t  ga('send', 'event', 'Contacto', 'submit');\n                });\n            }else{\n              jQuery(\".error_container\").append(\"<p class=\\\"ko_form\\\">Debes rellenar todos los campos obligatorios\");\n            }\n          }else{\n            jQuery(\".error_container\").append(\"<p class=\\\"ko_form\\\">Formato de email no v&aacute;lido\");\n          }\n        }else{\n          jQuery(\".error_container\").append(\"<p class=\\\"ko_form\\\">Debes aceptar la pol&iacute;tica de privacidad\");\n        }\n\n      });\n\n      function is_valid_email(email) {\n        var regex = \/^([a-zA-Z0-9_\\.\\-])+\\@(([a-zA-Z0-9\\-])+\\.)+([a-zA-Z0-9]{2,4})+$\/;\n        return regex.test(email) ? true : false;\n      }\n\n    <\/script><\/div>[\/vc_column_inner][\/vc_row_inner][\/vc_column][\/vc_row]\n<\/div><\/body><\/html>","protected":false},"excerpt":{"rendered":"Feiras 2024 Pr\u00f3ximas Feiras Galicia Biodays Meetech Spain Fruit Attraction Feiras anteriores BIOFACH Alimentaria Meetingpack In Cosmetics Hispack Vitafoods Ver feiras 2023 BIOFACH &amp; VIVANESS Data: 13-16 de fevereiro Localiza\u00e7\u00e3o: Nuremberg, Alemanha Formato: presencial Setor: alimenta\u00e7\u00e3o e cosm\u00e9tica ecol\u00f3gicas Stand: 5-448 Uma das principais feiras mundiais para profissionais de produtos ecol\u00f3gicos dos setores agroalimentar e [...]","protected":false},"author":4,"featured_media":170792,"parent":0,"menu_order":0,"comment_status":"closed","ping_status":"closed","template":"","meta":{"_acf_changed":false,"inline_featured_image":false,"footnotes":""},"class_list":["post-170790","page","type-page","status-publish","hentry"],"acf":[],"yoast_head":"<!-- This site is optimized with the Yoast SEO plugin v27.5 - https:\/\/yoast.com\/product\/yoast-seo-wordpress\/ -->\n<title>Feiras 2024 - AINIA<\/title>\n<meta name=\"description\" content=\"Descubra as feiras e eventos nos quais a AINIA participou a n\u00edvel nacional e internacional. Alimenta\u00e7\u00e3o, cosm\u00e9tica, embalagens e muito mais.\" \/>\n<meta name=\"robots\" content=\"index, follow, max-snippet:-1, max-image-preview:large, max-video-preview:-1\" \/>\n<link rel=\"canonical\" href=\"https:\/\/www.ainia.com\/pt\/feiras-2024\/\" \/>\n<meta property=\"og:locale\" content=\"pt_PT\" \/>\n<meta property=\"og:type\" content=\"article\" \/>\n<meta property=\"og:title\" content=\"Feiras 2024 - AINIA\" \/>\n<meta property=\"og:description\" content=\"Descubra as feiras e eventos nos quais a AINIA participou a n\u00edvel nacional e internacional. Alimenta\u00e7\u00e3o, cosm\u00e9tica, embalagens e muito mais.\" \/>\n<meta property=\"og:url\" content=\"https:\/\/www.ainia.com\/pt\/feiras-2024\/\" \/>\n<meta property=\"og:site_name\" content=\"AINIA\" \/>\n<meta property=\"article:modified_time\" content=\"2025-09-30T12:55:34+00:00\" \/>\n<meta property=\"og:image\" content=\"https:\/\/www.ainia.com\/wp-content\/uploads\/2024\/06\/ainia-altex-ferias-2024-1280x840-1.jpg\" \/>\n\t<meta property=\"og:image:width\" content=\"1280\" \/>\n\t<meta property=\"og:image:height\" content=\"840\" \/>\n\t<meta property=\"og:image:type\" content=\"image\/jpeg\" \/>\n<meta name=\"twitter:card\" content=\"summary_large_image\" \/>\n<meta name=\"twitter:label1\" content=\"Est. reading time\" \/>\n\t<meta name=\"twitter:data1\" content=\"8 minutes\" \/>\n<script type=\"application\/ld+json\" class=\"yoast-schema-graph\">{\"@context\":\"https:\\\/\\\/schema.org\",\"@graph\":[{\"@type\":\"WebPage\",\"@id\":\"https:\\\/\\\/www.ainia.com\\\/pt\\\/feiras-2024\\\/\",\"url\":\"https:\\\/\\\/www.ainia.com\\\/pt\\\/feiras-2024\\\/\",\"name\":\"Feiras 2024 - AINIA\",\"isPartOf\":{\"@id\":\"https:\\\/\\\/www.ainia.com\\\/pt\\\/#website\"},\"primaryImageOfPage\":{\"@id\":\"https:\\\/\\\/www.ainia.com\\\/pt\\\/feiras-2024\\\/#primaryimage\"},\"image\":{\"@id\":\"https:\\\/\\\/www.ainia.com\\\/pt\\\/feiras-2024\\\/#primaryimage\"},\"thumbnailUrl\":\"https:\\\/\\\/www.ainia.com\\\/wp-content\\\/uploads\\\/2024\\\/06\\\/ainia-altex-ferias-2024-1280x840-1.jpg\",\"datePublished\":\"2024-07-15T10:44:03+00:00\",\"dateModified\":\"2025-09-30T12:55:34+00:00\",\"description\":\"Descubra as feiras e eventos nos quais a AINIA participou a n\u00edvel nacional e internacional. Alimenta\u00e7\u00e3o, cosm\u00e9tica, embalagens e muito mais.\",\"breadcrumb\":{\"@id\":\"https:\\\/\\\/www.ainia.com\\\/pt\\\/feiras-2024\\\/#breadcrumb\"},\"inLanguage\":\"pt\",\"potentialAction\":[{\"@type\":\"ReadAction\",\"target\":[\"https:\\\/\\\/www.ainia.com\\\/pt\\\/feiras-2024\\\/\"]}]},{\"@type\":\"ImageObject\",\"inLanguage\":\"pt\",\"@id\":\"https:\\\/\\\/www.ainia.com\\\/pt\\\/feiras-2024\\\/#primaryimage\",\"url\":\"https:\\\/\\\/www.ainia.com\\\/wp-content\\\/uploads\\\/2024\\\/06\\\/ainia-altex-ferias-2024-1280x840-1.jpg\",\"contentUrl\":\"https:\\\/\\\/www.ainia.com\\\/wp-content\\\/uploads\\\/2024\\\/06\\\/ainia-altex-ferias-2024-1280x840-1.jpg\",\"width\":1280,\"height\":840},{\"@type\":\"BreadcrumbList\",\"@id\":\"https:\\\/\\\/www.ainia.com\\\/pt\\\/feiras-2024\\\/#breadcrumb\",\"itemListElement\":[{\"@type\":\"ListItem\",\"position\":1,\"name\":\"Portada\",\"item\":\"https:\\\/\\\/www.ainia.com\\\/pt\\\/\"},{\"@type\":\"ListItem\",\"position\":2,\"name\":\"Feiras 2024\"}]},{\"@type\":\"WebSite\",\"@id\":\"https:\\\/\\\/www.ainia.com\\\/pt\\\/#website\",\"url\":\"https:\\\/\\\/www.ainia.com\\\/pt\\\/\",\"name\":\"AINIA\",\"description\":\"AINIA\",\"publisher\":{\"@id\":\"https:\\\/\\\/www.ainia.com\\\/pt\\\/#organization\"},\"potentialAction\":[{\"@type\":\"SearchAction\",\"target\":{\"@type\":\"EntryPoint\",\"urlTemplate\":\"https:\\\/\\\/www.ainia.com\\\/pt\\\/?s={search_term_string}\"},\"query-input\":{\"@type\":\"PropertyValueSpecification\",\"valueRequired\":true,\"valueName\":\"search_term_string\"}}],\"inLanguage\":\"pt\"},{\"@type\":\"Organization\",\"@id\":\"https:\\\/\\\/www.ainia.com\\\/pt\\\/#organization\",\"name\":\"Ainia\",\"url\":\"https:\\\/\\\/www.ainia.com\\\/pt\\\/\",\"logo\":{\"@type\":\"ImageObject\",\"inLanguage\":\"pt\",\"@id\":\"https:\\\/\\\/www.ainia.com\\\/pt\\\/#\\\/schema\\\/logo\\\/image\\\/\",\"url\":\"https:\\\/\\\/www.ainia.com\\\/wp-content\\\/uploads\\\/2022\\\/01\\\/LOGO-AINIA-simple-alta-resolucion-sin-fondo-1.png\",\"contentUrl\":\"https:\\\/\\\/www.ainia.com\\\/wp-content\\\/uploads\\\/2022\\\/01\\\/LOGO-AINIA-simple-alta-resolucion-sin-fondo-1.png\",\"width\":1000,\"height\":346,\"caption\":\"Ainia\"},\"image\":{\"@id\":\"https:\\\/\\\/www.ainia.com\\\/pt\\\/#\\\/schema\\\/logo\\\/image\\\/\"}}]}<\/script>\n<!-- \/ Yoast SEO plugin. -->","yoast_head_json":{"title":"Feiras 2024 - AINIA","description":"Descubra as feiras e eventos nos quais a AINIA participou a n\u00edvel nacional e internacional. Alimenta\u00e7\u00e3o, cosm\u00e9tica, embalagens e muito mais.","robots":{"index":"index","follow":"follow","max-snippet":"max-snippet:-1","max-image-preview":"max-image-preview:large","max-video-preview":"max-video-preview:-1"},"canonical":"https:\/\/www.ainia.com\/pt\/feiras-2024\/","og_locale":"pt_PT","og_type":"article","og_title":"Feiras 2024 - AINIA","og_description":"Descubra as feiras e eventos nos quais a AINIA participou a n\u00edvel nacional e internacional. Alimenta\u00e7\u00e3o, cosm\u00e9tica, embalagens e muito mais.","og_url":"https:\/\/www.ainia.com\/pt\/feiras-2024\/","og_site_name":"AINIA","article_modified_time":"2025-09-30T12:55:34+00:00","og_image":[{"width":1280,"height":840,"url":"https:\/\/www.ainia.com\/wp-content\/uploads\/2024\/06\/ainia-altex-ferias-2024-1280x840-1.jpg","type":"image\/jpeg"}],"twitter_card":"summary_large_image","twitter_misc":{"Est. reading time":"8 minutes"},"schema":{"@context":"https:\/\/schema.org","@graph":[{"@type":"WebPage","@id":"https:\/\/www.ainia.com\/pt\/feiras-2024\/","url":"https:\/\/www.ainia.com\/pt\/feiras-2024\/","name":"Feiras 2024 - AINIA","isPartOf":{"@id":"https:\/\/www.ainia.com\/pt\/#website"},"primaryImageOfPage":{"@id":"https:\/\/www.ainia.com\/pt\/feiras-2024\/#primaryimage"},"image":{"@id":"https:\/\/www.ainia.com\/pt\/feiras-2024\/#primaryimage"},"thumbnailUrl":"https:\/\/www.ainia.com\/wp-content\/uploads\/2024\/06\/ainia-altex-ferias-2024-1280x840-1.jpg","datePublished":"2024-07-15T10:44:03+00:00","dateModified":"2025-09-30T12:55:34+00:00","description":"Descubra as feiras e eventos nos quais a AINIA participou a n\u00edvel nacional e internacional. Alimenta\u00e7\u00e3o, cosm\u00e9tica, embalagens e muito mais.","breadcrumb":{"@id":"https:\/\/www.ainia.com\/pt\/feiras-2024\/#breadcrumb"},"inLanguage":"pt","potentialAction":[{"@type":"ReadAction","target":["https:\/\/www.ainia.com\/pt\/feiras-2024\/"]}]},{"@type":"ImageObject","inLanguage":"pt","@id":"https:\/\/www.ainia.com\/pt\/feiras-2024\/#primaryimage","url":"https:\/\/www.ainia.com\/wp-content\/uploads\/2024\/06\/ainia-altex-ferias-2024-1280x840-1.jpg","contentUrl":"https:\/\/www.ainia.com\/wp-content\/uploads\/2024\/06\/ainia-altex-ferias-2024-1280x840-1.jpg","width":1280,"height":840},{"@type":"BreadcrumbList","@id":"https:\/\/www.ainia.com\/pt\/feiras-2024\/#breadcrumb","itemListElement":[{"@type":"ListItem","position":1,"name":"Portada","item":"https:\/\/www.ainia.com\/pt\/"},{"@type":"ListItem","position":2,"name":"Feiras 2024"}]},{"@type":"WebSite","@id":"https:\/\/www.ainia.com\/pt\/#website","url":"https:\/\/www.ainia.com\/pt\/","name":"AINIA","description":"AINIA","publisher":{"@id":"https:\/\/www.ainia.com\/pt\/#organization"},"potentialAction":[{"@type":"SearchAction","target":{"@type":"EntryPoint","urlTemplate":"https:\/\/www.ainia.com\/pt\/?s={search_term_string}"},"query-input":{"@type":"PropertyValueSpecification","valueRequired":true,"valueName":"search_term_string"}}],"inLanguage":"pt"},{"@type":"Organization","@id":"https:\/\/www.ainia.com\/pt\/#organization","name":"Ainia","url":"https:\/\/www.ainia.com\/pt\/","logo":{"@type":"ImageObject","inLanguage":"pt","@id":"https:\/\/www.ainia.com\/pt\/#\/schema\/logo\/image\/","url":"https:\/\/www.ainia.com\/wp-content\/uploads\/2022\/01\/LOGO-AINIA-simple-alta-resolucion-sin-fondo-1.png","contentUrl":"https:\/\/www.ainia.com\/wp-content\/uploads\/2022\/01\/LOGO-AINIA-simple-alta-resolucion-sin-fondo-1.png","width":1000,"height":346,"caption":"Ainia"},"image":{"@id":"https:\/\/www.ainia.com\/pt\/#\/schema\/logo\/image\/"}}]}},"_links":{"self":[{"href":"https:\/\/www.ainia.com\/pt\/wp-json\/wp\/v2\/pages\/170790","targetHints":{"allow":["GET"]}}],"collection":[{"href":"https:\/\/www.ainia.com\/pt\/wp-json\/wp\/v2\/pages"}],"about":[{"href":"https:\/\/www.ainia.com\/pt\/wp-json\/wp\/v2\/types\/page"}],"author":[{"embeddable":true,"href":"https:\/\/www.ainia.com\/pt\/wp-json\/wp\/v2\/users\/4"}],"replies":[{"embeddable":true,"href":"https:\/\/www.ainia.com\/pt\/wp-json\/wp\/v2\/comments?post=170790"}],"version-history":[{"count":8,"href":"https:\/\/www.ainia.com\/pt\/wp-json\/wp\/v2\/pages\/170790\/revisions"}],"predecessor-version":[{"id":182783,"href":"https:\/\/www.ainia.com\/pt\/wp-json\/wp\/v2\/pages\/170790\/revisions\/182783"}],"wp:featuredmedia":[{"embeddable":true,"href":"https:\/\/www.ainia.com\/pt\/wp-json\/wp\/v2\/media\/170792"}],"wp:attachment":[{"href":"https:\/\/www.ainia.com\/pt\/wp-json\/wp\/v2\/media?parent=170790"}],"curies":[{"name":"wp","href":"https:\/\/api.w.org\/{rel}","templated":true}]}}