{"id":171939,"date":"2024-07-24T09:52:27","date_gmt":"2024-07-24T07:52:27","guid":{"rendered":"https:\/\/www.ainia.com\/?page_id=171939"},"modified":"2024-07-24T09:52:27","modified_gmt":"2024-07-24T07:52:27","slug":"ainia-packaging-hub","status":"publish","type":"page","link":"https:\/\/www.ainia.com\/fr\/ainia-packaging-hub\/","title":{"rendered":"AINIA Packaging Hub"},"content":{"rendered":"<html><body><div class=\"wpb-content-wrapper\"><p>[vc_row full_width=\u201dstretch_row_content_no_spaces\u201d el_class=\u201dbreadcrumb\u201d][vc_column]<\/p><div id=\"breadcrumb\"><div><a href=\"https:\/\/www.ainia.com\/fr\/\"><span class=\"vc_icon_element-icon fa fa-home\"><\/span><\/a><\/div><\/div>[\/vc_column][\/vc_row][vc_row el_class=\u201dtop_quienes_somos top_prospectiva\u201d][vc_column]<style type=\"text\/css\" data-type=\"vc_shortcodes-custom-css\">\n\t\t.banner_quienes_somos:after{\n\t\t\t    background: url(https:\/\/www.ainia.com\/wp-content\/uploads\/2023\/03\/ainia-packging-hub-cabecera.jpg);\n\t\t\t    background-repeat: no-repeat;\n\t\t\t    top: 0px;\n\t\t\t    right: 0px;\n\t\t\t    z-index: 99;\n\t\t\t    width: 64%;\n\t\t\t    height: 100%;\n\t\t\t    position: absolute;\n\t\t\t    z-index: -1;\n\t\t\t    background-size: cover;\n\t\t\t    display:block;\n\t\t\t    background-position:center 85px;\n\t\t}\n\n\t\t<\/style><div class=\"wpb-content-wrapper\"><div data-vc-full-width=\"true\" data-vc-full-width-temp=\"true\" data-vc-full-width-init=\"false\" class=\"vc_row wpb_row vc_row-fluid bloque_uno banner_top banner_quienes_somos banner_quienes_somos:after vc_row-has-fill\"><span class=\"background-image\" role=\"img\" aria-label=\"\"> <\/span><div class=\"texto wpb_column vc_column_container vc_col-sm-9\"><div class=\"vc_column-inner\"><div class=\"wpb_wrapper\">\n\t<div class=\"wpb_text_column wpb_content_element\">\n\t\t<div class=\"wpb_wrapper\">\n\t\t\t<h1>AINIA Packaging Hub<span><strong>Rejoignez la plateforme !<\/strong><\/span><\/h1>\n\n\t\t<\/div>\n\t<\/div>\n<\/div><\/div><\/div><div class=\"wpb_column vc_column_container vc_col-sm-3\"><div class=\"vc_column-inner\"><div class=\"wpb_wrapper\"><\/div><\/div><\/div><\/div><div class=\"vc_row-full-width vc_clearfix\"><\/div><\/div>[\/vc_column][\/vc_row][vc_row el_class=\u201dbloque\u201d][vc_column][vc_empty_space height=\u201d30px\u201d][vc_row_inner el_class=\u201dvc_container_inner\u201d][vc_column_inner][vc_column_text css=\u201d\u201d]\n<h3>L\u2019innovation devient la cl\u00e9 pour s\u2019orienter vers un \u00e9cosyst\u00e8me plus durable, objectif H2030.<\/h3>\n<p>[\/vc_column_text][vc_column_text css=\u201d\u201d]<strong>Plateforme technique<\/strong> qui offre aux entreprises des informations objectives pour s\u2019orienter vers la strat\u00e9gie de l\u2019\u00e9conomie circulaire dans le secteur des emballages et se connecter avec d\u2019autres acteurs de la cha\u00eene de valeur afin de coop\u00e9rer sur des projets de nouvelles solutions d\u2019emballage.<\/p>\n<p>Elle se d\u00e9veloppe sur trois piliers :[\/vc_column_text][vc_empty_space height=\u201d30px\u201d][\/vc_column_inner][\/vc_row_inner][vc_row_inner el_class=\u201dvc_container_inner\u201d][vc_column_inner width=\u201d1\/3\u2033][vc_column_text css=\u201d\u201d el_class=\u201dlista_anclas\u201d]<\/p>\n<h4>Informations de valeur<\/h4>\n<ul>\n<li>Rapport de prospective sur les emballages<\/li>\n<li>Monographies<\/li>\n<li>Journ\u00e9es techniques<\/li>\n<\/ul>\n<p>[\/vc_column_text][\/vc_column_inner][vc_column_inner width=\u201d1\/3\u2033][vc_column_text css=\u201d\u201d el_class=\u201dlista_anclas\u201d]<\/p>\n<h4>Networking<\/h4>\n<ul>\n<li>R\u00e9unions B2B<\/li>\n<li>Enqu\u00eate technique sur les int\u00e9r\u00eats<\/li>\n<\/ul>\n<p>[\/vc_column_text][\/vc_column_inner][vc_column_inner width=\u201d1\/3\u2033][vc_column_text css=\u201d\u201d el_class=\u201dlista_anclas\u201d]<\/p>\n<h4>Initiatives de R&amp;D&amp;I<\/h4>\n<ul>\n<li>R\u00e9unions bilat\u00e9rales avec les entreprises<\/li>\n<li>Informations sur les aides<\/li>\n<\/ul>\n<p>[\/vc_column_text][\/vc_column_inner][\/vc_row_inner][vc_row_inner el_class=\u201dvc_container_inner\u201d][vc_column_inner][vc_empty_space height=\u201d30px\u201d][vc_single_image image=\u201d120343\u2033 img_size=\u201dfull\u201d alignment=\u201dcenter\u201d][vc_empty_space height=\u201d30px\u201d][vc_column_text css=\u201d\u201d]L\u2019\u00e9tude prospective d\u2019AINIA fournit \u00e0 votre entreprise les outils n\u00e9cessaires pour orienter votre activit\u00e9 vers le d\u00e9fi de l\u2019\u00e9conomie circulaire (H2030).[\/vc_column_text][vc_column_text css=\u201d\u201d el_class=\u201denlace_borde_naranja\u201d]<\/p>\n<p style=\"text-align: center;\"><a class=\"contacto_ainia_prospectiva\" href=\"#contacto_ainia_prospectiva\">Rejoignez-nous<\/a><\/p>\n<p>[\/vc_column_text][\/vc_column_inner][\/vc_row_inner][\/vc_column][\/vc_row][vc_row disable_element=\u201dyes\u201d el_class=\u201dancla_prospectiva\u201d el_id=\u201dobjetivos\u201d][vc_column][\/vc_column][\/vc_row][vc_row full_width=\u201dstretch_row\u201d el_class=\u201dbloque acceso_prospectiva\u201d css=\u201d.vc_custom_1640190804786{background-color: #f0f0f0 !important;}\u201d el_id=\u201dacceso_prospectiva\u201d][vc_column][vc_row_inner el_class=\u201dvc_container_inner\u201d][vc_column_inner width=\u201d1\/3\u2033][vc_column_text css=\u201d\u201d]<\/p>\n<h2>Acc\u00e8s participants<\/h2>\n<p>Ce contenu est prot\u00e9g\u00e9 par mot de passe. Pour le voir, veuillez saisir votre mot de passe ci-dessous :[\/vc_column_text][\/vc_column_inner][vc_column_inner width=\u201d2\/3\u2033]<\/p><div class=\"wpb-content-wrapper\"><div class=\"vc_row wpb_row vc_row-fluid bloque_siete formulario_prospectiva_acceso\"><div class=\"formulario_contacta_prospectiva wpb_column vc_column_container vc_col-sm-12\"><div class=\"vc_column-inner\"><div class=\"wpb_wrapper\"><div class=\"vc_row_inner\"><form id=\"id-69f43abb589a7\" action=\"https:\/\/www.ainia.com\/wp-login.php?action=postpass\" class=\"post-password-form\" method=\"post\"><div class=\"vc_column_inner vc_col-sm-8\"><label>Mot de passe<\/label><input name=\"post_password\" id=\"pwbox-131167\" type=\"password\" size=\"20\" required><\/div><div class=\"vc_column_inner vc_col-sm-4\"><div class=\"boton_enviar\"><button type=\"submit\"><span class=\"btn-loader\" style=\"display:none; line-height: 1;\"><i class=\"fas fa-circle-notch fa-spin\"><\/i><\/span> <span class=\"btn-text\">Acceder<\/span><\/button><\/div><\/div><div class=\"password-error vc_column_inner vc_col-sm-8\" style=\"display:none\"><p style=\"color:red\">Le mot de passe n\u2019est pas correct<\/p><\/div><input type=\"hidden\" name=\"_wp_http_referer\" value=\"https:\/\/www.ainia.com\/prospectiva-estrategica\/acceso-prospectiva-estrategica\/\"><\/form><\/div><\/div><\/div><\/div><\/div>        <script type=\"text\/javascript\">\n            (() => {\n                \n                const form = document.getElementById(\"id-69f43abb589a7\");\n                \/\/ const submitBtn = form.querySelector(\"input[type='submit']\");\n                const submitBtn = form.querySelector(\"button[type='submit']\");\n                const submitBtnLoader = submitBtn.querySelector(\".btn-loader\");\n                \n                const showPasswordError = () => (form.querySelector(\".password-error\").style.display = \"block\");\n                const hidePasswordError = () => (form.querySelector(\".password-error\").style.display = \"none\");\n                \n                const setFormSubmitting = (loading=true) => {\n                    if(loading){\n                        form.classList.add(\"form-submitting\");\n                        submitBtn.disabled = true;\n                        submitBtnLoader.style.display = \"inline-block\";\n                    }else{\n                        form.classList.remove(\"form-submitting\");\n                        submitBtn.disabled = false;\n                        submitBtnLoader.style.display = \"none\";\n                    }\n                };\n                \n                document.getElementById(\"id-69f43abb589a7\").addEventListener(\"submit\", (event) => {\n                    event.preventDefault();\n                    \n                    const formData = new FormData(form);\n                    \n                    hidePasswordError();\n                    setFormSubmitting(true);\n                    \n                    fetch(\"https:\/\/www.ainia.com\/fr\/wp-json\/stg\/v1\/check-post-password\/\", {\n                        method: 'POST',\n                        headers: {\n                            'Content-Type': 'application\/json'\n                        },\n                        body: JSON.stringify({\n                            post_id: 131167,\n                            post_password: formData.get('post_password')\n                        })\n                    })\n                    .then((response) => response.json())\n                    .then((data) => {\n                        if (data.status) {\n                            form.submit();\n                        } else {\n                            showPasswordError();\n                            setFormSubmitting(false);\n                        }\n                        \/\/setFormSubmitting(false);\n                    })\n                    .catch((error) => {\n                        console.error(\"Error:\", error);\n                        setFormSubmitting(false);\n                    });                    \n                });\n            })();\n        <\/script>\n        <\/div>[\/vc_column_inner][\/vc_row_inner][\/vc_column][\/vc_row][vc_row disable_element=\u201dyes\u201d el_class=\u201denlaces_acceso_clientes anclas_prospectiva\u201d][vc_column][vc_row_inner el_class=\u201dvc_container_inner\u201d][vc_column_inner][vc_column_text]\n<ul>\n<li><a class=\"vi-foro-tecnico\" href=\"#vi-foro-tecnico\">Pr\u00f3ximo Foro T\u00e9cnico y Networking<\/a><\/li>\n<li><a class=\"empresas\" href=\"#empresas\">Empresas<\/a><\/li>\n<li><a class=\"contactar\" href=\"#contactar\">Contactar<\/a><\/li>\n<\/ul>\n<p><!--\n \t\n\n<li><a class=\"resultados\" href=\"#resultados\">Resultados y jornadas anteriores<\/a><\/li>\n\n\n-->[\/vc_column_text][\/vc_column_inner][\/vc_row_inner][\/vc_column][\/vc_row][vc_row el_class=\u201dancla_prospectiva\u201d el_id=\u201dforos-networking\u201d][vc_column][vc_empty_space height=\u201d100px\u201d][vc_row_inner el_class=\u201dvc_container_inner\u201d][vc_column_inner][vc_column_text css=\u201d\u201d]<\/p>\n<h2>XI Forum Technique et R\u00e9seautage<\/h2>\n<p>[\/vc_column_text][\/vc_column_inner][\/vc_row_inner][vc_row_inner el_class=\u201dvc_container_inner\u201d][vc_column_inner][vc_column_text css=\u201d\u201d el_class=\u201dfecha\u201d]<strong>30 mai 2024<\/strong>[\/vc_column_text][vc_column_text css=\u201d\u201d]9.00-9.30 R\u00e9ception et caf\u00e9 \u00e0 AINIA<\/p>\n<p><strong>Bloc I : Visite de l\u2019usine de gestion et de tri des d\u00e9chets d\u2019emballages l\u00e9gers<\/strong><\/p>\n<p>09.30 D\u00e9part en bus depuis AINIA<\/p>\n<p>10.45 Visite des installations de l\u2019usine de tri des d\u00e9chets d\u2019emballages l\u00e9gers (VAERSA, Alzira)<\/p>\n<p>12.00 D\u00e9part en bus pour AINIA<\/p>\n<p>12.45 D\u00e9jeuner-R\u00e9seautage \u00e0 AINIA<\/p>\n<p><strong>Bloc II : Mise \u00e0 jour l\u00e9gislative et strat\u00e9gies d\u2019\u00e9coconception des emballages<\/strong><\/p>\n<p>14.00 Introduction et nouveaux contenus du AINIA Packaging Hub<\/p>\n<p>14.10 Mise \u00e0 jour de la r\u00e9glementation relative aux emballages alimentaires (Jos\u00e9 Mar\u00eda Ferrer, AINIA)<\/p>\n<p>14.30 Emballages et avis des consommateurs : \u00e9tude de march\u00e9 et neurosciences appliqu\u00e9es aux tests consommateurs (Cristina Jodar et Alejandra Agudelo, AINIA)<\/p>\n<p>15.00 Pr\u00e9sentation sur l\u2019\u00e9coconception des emballages en attente de confirmation<\/p>\n<p>15.30 Visite des installations de AINIA<\/p>\n<p>16.00 Fin[\/vc_column_text][\/vc_column_inner][\/vc_row_inner][vc_empty_space height=\u201d100px\u201d][\/vc_column][\/vc_row][vc_row el_class=\u201dancla_prospectiva\u201d el_id=\u201dempresas\u201d][vc_column][vc_row_inner el_class=\u201dvc_container_inner\u201d][vc_column_inner][vc_column_text css=\u201d\u201d]<\/p>\n<h2>Entreprises<\/h2>\n<p>[\/vc_column_text][\/vc_column_inner][\/vc_row_inner][vc_row_inner el_class=\u201dvc_container_inner\u201d][vc_column_inner][vc_column_text css=\u201d\u201d]Parties prenantes de toute la cha\u00eene de valeur int\u00e9ress\u00e9es par la r\u00e9duction de l\u2019impact environnemental de mani\u00e8re durable.[\/vc_column_text][\/vc_column_inner][\/vc_row_inner][vc_empty_space height=\u201d50px\u201d][vc_row_inner el_class=\u201dvc_container_inner\u201d][vc_column_inner width=\u201d1\/4\u2033][vc_single_image image=\u201d162723\u2033 img_size=\u201dfull\u201d alignment=\u201dcenter\u201d][\/vc_column_inner][vc_column_inner width=\u201d1\/4\u2033][vc_single_image image=\u201d151755\u2033 img_size=\u201dfull\u201d alignment=\u201dcenter\u201d][\/vc_column_inner][vc_column_inner width=\u201d1\/4\u2033][vc_single_image image=\u201d151757\u2033 img_size=\u201dfull\u201d alignment=\u201dcenter\u201d][\/vc_column_inner][vc_column_inner width=\u201d1\/4\u2033][vc_single_image image=\u201d151759\u2033 img_size=\u201dfull\u201d alignment=\u201dcenter\u201d][\/vc_column_inner][\/vc_row_inner][vc_empty_space height=\u201d50px\u201d][vc_row_inner el_class=\u201dvc_container_inner\u201d][vc_column_inner width=\u201d1\/4\u2033][vc_single_image image=\u201d156808\u2033 img_size=\u201dfull\u201d alignment=\u201dcenter\u201d][\/vc_column_inner][vc_column_inner width=\u201d1\/4\u2033][vc_single_image image=\u201d165078\u2033 img_size=\u201dfull\u201d alignment=\u201dcenter\u201d][\/vc_column_inner][vc_column_inner width=\u201d1\/4\u2033][vc_single_image image=\u201d161176\u2033 img_size=\u201dfull\u201d alignment=\u201dcenter\u201d][\/vc_column_inner][vc_column_inner width=\u201d1\/4\u2033][vc_single_image image=\u201d151761\u2033 img_size=\u201dfull\u201d alignment=\u201dcenter\u201d][\/vc_column_inner][\/vc_row_inner][vc_empty_space height=\u201d50px\u201d][vc_row_inner el_class=\u201dvc_container_inner\u201d][vc_column_inner width=\u201d1\/4\u2033][vc_single_image image=\u201d151765\u2033 img_size=\u201dfull\u201d alignment=\u201dcenter\u201d][\/vc_column_inner][vc_column_inner width=\u201d1\/4\u2033][vc_single_image image=\u201d151767\u2033 img_size=\u201dfull\u201d alignment=\u201dcenter\u201d][\/vc_column_inner][vc_column_inner width=\u201d1\/4\u2033][vc_single_image image=\u201d151769\u2033 img_size=\u201dfull\u201d alignment=\u201dcenter\u201d][\/vc_column_inner][vc_column_inner width=\u201d1\/4\u2033][vc_single_image image=\u201d151771\u2033 img_size=\u201dfull\u201d alignment=\u201dcenter\u201d][\/vc_column_inner][\/vc_row_inner][vc_empty_space height=\u201d50px\u201d][vc_row_inner el_class=\u201dvc_container_inner\u201d][vc_column_inner width=\u201d1\/4\u2033][vc_single_image image=\u201d165080\u2033 img_size=\u201dfull\u201d alignment=\u201dcenter\u201d][\/vc_column_inner][vc_column_inner width=\u201d1\/4\u2033][vc_single_image image=\u201d151773\u2033 img_size=\u201dfull\u201d alignment=\u201dcenter\u201d][\/vc_column_inner][vc_column_inner width=\u201d1\/4\u2033][vc_single_image image=\u201d151775\u2033 img_size=\u201dfull\u201d alignment=\u201dcenter\u201d][\/vc_column_inner][vc_column_inner width=\u201d1\/4\u2033][vc_single_image image=\u201d151777\u2033 img_size=\u201dfull\u201d alignment=\u201dcenter\u201d][\/vc_column_inner][\/vc_row_inner][vc_empty_space height=\u201d50px\u201d][vc_row_inner el_class=\u201dvc_container_inner\u201d][vc_column_inner width=\u201d1\/4\u2033][vc_single_image image=\u201d151779\u2033 img_size=\u201dfull\u201d alignment=\u201dcenter\u201d][\/vc_column_inner][vc_column_inner width=\u201d1\/4\u2033][vc_single_image image=\u201d165082\u2033 img_size=\u201dfull\u201d alignment=\u201dcenter\u201d][\/vc_column_inner][vc_column_inner width=\u201d1\/4\u2033][vc_single_image image=\u201d161178\u2033 img_size=\u201dfull\u201d alignment=\u201dcenter\u201d][\/vc_column_inner][vc_column_inner width=\u201d1\/4\u2033][vc_single_image image=\u201d160961\u2033 img_size=\u201dfull\u201d alignment=\u201dcenter\u201d][\/vc_column_inner][\/vc_row_inner][vc_empty_space height=\u201d50px\u201d][vc_row_inner el_class=\u201dvc_container_inner\u201d][vc_column_inner width=\u201d1\/4\u2033][vc_single_image image=\u201d151781\u2033 img_size=\u201dfull\u201d alignment=\u201dcenter\u201d][\/vc_column_inner][vc_column_inner width=\u201d1\/4\u2033][vc_single_image image=\u201d151783\u2033 img_size=\u201dfull\u201d alignment=\u201dcenter\u201d][\/vc_column_inner][vc_column_inner width=\u201d1\/4\u2033][vc_single_image image=\u201d151787\u2033 img_size=\u201dfull\u201d alignment=\u201dcenter\u201d][\/vc_column_inner][vc_column_inner width=\u201d1\/4\u2033][vc_single_image image=\u201d156806\u2033 img_size=\u201dfull\u201d alignment=\u201dcenter\u201d][\/vc_column_inner][\/vc_row_inner][vc_empty_space height=\u201d50px\u201d][vc_row_inner el_class=\u201dvc_container_inner\u201d][vc_column_inner width=\u201d1\/4\u2033][vc_single_image image=\u201d151791\u2033 img_size=\u201dfull\u201d alignment=\u201dcenter\u201d][\/vc_column_inner][vc_column_inner width=\u201d1\/4\u2033][vc_single_image image=\u201d151793\u2033 img_size=\u201dfull\u201d alignment=\u201dcenter\u201d][\/vc_column_inner][vc_column_inner width=\u201d1\/4\u2033][vc_single_image image=\u201d151795\u2033 img_size=\u201dfull\u201d alignment=\u201dcenter\u201d][\/vc_column_inner][vc_column_inner width=\u201d1\/4\u2033][vc_single_image image=\u201d155691\u2033 img_size=\u201dfull\u201d alignment=\u201dcenter\u201d][\/vc_column_inner][\/vc_row_inner][vc_empty_space height=\u201d50px\u201d][vc_row_inner el_class=\u201dvc_container_inner\u201d][vc_column_inner width=\u201d1\/4\u2033][vc_single_image image=\u201d151797\u2033 img_size=\u201dfull\u201d alignment=\u201dcenter\u201d][\/vc_column_inner][vc_column_inner width=\u201d1\/4\u2033][vc_single_image image=\u201d151799\u2033 img_size=\u201dfull\u201d alignment=\u201dcenter\u201d][\/vc_column_inner][vc_column_inner width=\u201d1\/4\u2033][vc_single_image image=\u201d151801\u2033 img_size=\u201dfull\u201d alignment=\u201dcenter\u201d][\/vc_column_inner][vc_column_inner width=\u201d1\/4\u2033][vc_single_image image=\u201d151803\u2033 img_size=\u201dfull\u201d alignment=\u201dcenter\u201d][\/vc_column_inner][\/vc_row_inner][vc_empty_space height=\u201d50px\u201d][vc_row_inner el_class=\u201dvc_container_inner\u201d][vc_column_inner width=\u201d1\/4\u2033][vc_single_image image=\u201d151805\u2033 img_size=\u201dfull\u201d alignment=\u201dcenter\u201d][\/vc_column_inner][vc_column_inner width=\u201d1\/4\u2033][vc_single_image image=\u201d151807\u2033 img_size=\u201dfull\u201d alignment=\u201dcenter\u201d][\/vc_column_inner][vc_column_inner width=\u201d1\/4\u2033][vc_single_image image=\u201d151809\u2033 img_size=\u201dfull\u201d alignment=\u201dcenter\u201d][\/vc_column_inner][vc_column_inner width=\u201d1\/4\u2033][vc_single_image image=\u201d151815\u2033 img_size=\u201dfull\u201d alignment=\u201dcenter\u201d][\/vc_column_inner][\/vc_row_inner][vc_empty_space height=\u201d50px\u201d][vc_row_inner el_class=\u201dvc_container_inner\u201d][vc_column_inner width=\u201d1\/4\u2033][vc_single_image image=\u201d151817\u2033 img_size=\u201dfull\u201d alignment=\u201dcenter\u201d][\/vc_column_inner][vc_column_inner width=\u201d1\/4\u2033][vc_single_image image=\u201d151821\u2033 img_size=\u201dfull\u201d alignment=\u201dcenter\u201d][\/vc_column_inner][vc_column_inner width=\u201d1\/4\u2033][vc_single_image image=\u201d151823\u2033 img_size=\u201dfull\u201d alignment=\u201dcenter\u201d][\/vc_column_inner][vc_column_inner width=\u201d1\/4\u2033][vc_single_image image=\u201d151825\u2033 img_size=\u201dfull\u201d alignment=\u201dcenter\u201d][\/vc_column_inner][\/vc_row_inner][vc_empty_space height=\u201d50px\u201d][vc_row_inner el_class=\u201dvc_container_inner\u201d][vc_column_inner width=\u201d1\/4\u2033][vc_single_image image=\u201d151827\u2033 img_size=\u201dfull\u201d alignment=\u201dcenter\u201d][\/vc_column_inner][vc_column_inner width=\u201d1\/4\u2033][vc_single_image image=\u201d151829\u2033 img_size=\u201dfull\u201d alignment=\u201dcenter\u201d][\/vc_column_inner][vc_column_inner width=\u201d1\/4\u2033][vc_single_image image=\u201d151831\u2033 img_size=\u201dfull\u201d alignment=\u201dcenter\u201d][\/vc_column_inner][vc_column_inner width=\u201d1\/4\u2033][vc_single_image image=\u201d151833\u2033 img_size=\u201dfull\u201d alignment=\u201dcenter\u201d][\/vc_column_inner][\/vc_row_inner][vc_empty_space height=\u201d50px\u201d][vc_row_inner el_class=\u201dvc_container_inner\u201d][vc_column_inner width=\u201d1\/4\u2033][vc_single_image image=\u201d151835\u2033 img_size=\u201dfull\u201d alignment=\u201dcenter\u201d][\/vc_column_inner][vc_column_inner width=\u201d1\/4\u2033][vc_single_image image=\u201d151837\u2033 img_size=\u201dfull\u201d alignment=\u201dcenter\u201d][\/vc_column_inner][vc_column_inner width=\u201d1\/4\u2033][vc_single_image image=\u201d151839\u2033 img_size=\u201dfull\u201d alignment=\u201dcenter\u201d][\/vc_column_inner][vc_column_inner width=\u201d1\/4\u2033][vc_column_text css=\u201d\u201d el_class=\u201denlace_borde_naranja\u201d]<a class=\"contacto_ainia_prospectiva\" href=\"#contacto_ainia_prospectiva\">Participe<\/a>[\/vc_column_text][\/vc_column_inner][\/vc_row_inner][vc_empty_space height=\u201d50px\u201d][vc_row_inner el_class=\u201dvc_container_inner\u201d][vc_column_inner][vc_column_text css=\u201d.vc_custom_1637057601239{margin-top: 90px !important;}\u201d]<\/p>\n<h3>Entit\u00e9s collaboratrices<\/h3>\n<p>[\/vc_column_text][\/vc_column_inner][\/vc_row_inner][vc_row_inner el_class=\u201dvc_container_inner\u201d][vc_column_inner width=\u201d1\/4\u2033][vc_single_image image=\u201d120288\u2033 img_size=\u201dfull\u201d][\/vc_column_inner][vc_column_inner width=\u201d1\/4\u2033][vc_single_image image=\u201d120290\u2033 img_size=\u201dfull\u201d][\/vc_column_inner][vc_column_inner width=\u201d1\/4\u2033][vc_single_image image=\u201d120292\u2033 img_size=\u201dfull\u201d][\/vc_column_inner][vc_column_inner width=\u201d1\/4\u2033][vc_column_text css=\u201d\u201d el_class=\u201denlace_borde_naranja\u201d]<a class=\"contacto_ainia_prospectiva\" href=\"#contacto_ainia_prospectiva\">Collaborer<\/a>[\/vc_column_text][\/vc_column_inner][\/vc_row_inner][vc_row_inner el_class=\u201dvc_container_inner\u201d][vc_column_inner][vc_empty_space height=\u201d30px\u201d][\/vc_column_inner][\/vc_row_inner][\/vc_column][\/vc_row][vc_row disable_element=\u201dyes\u201d el_class=\u201dancla_prospectiva\u201d el_id=\u201dresultados\u201d][vc_column][vc_row_inner el_class=\u201dvc_container_inner\u201d][vc_column_inner][vc_column_text]<\/p>\n<h2>Resultados y jornadas anteriores<\/h2>\n<p>[\/vc_column_text][\/vc_column_inner][\/vc_row_inner][vc_row_inner el_class=\u201dvc_container_inner fila_top\u201d][vc_column_inner][vc_column_text el_class=\u201dlista_anclas\u201d]<\/p>\n<ul>\n<li><strong>Informes de Prospectiva Estrat\u00e9gica.<\/strong> Conocimiento sobre la situaci\u00f3n actual (tecnol\u00f3gica, legal y mercado)<\/li>\n<li><strong> Documentos de especial relevancia<\/strong> elaborados por organismos de reconocimiento internacional.<\/li>\n<li><strong>Participaci\u00f3n en foros propios de networking.<\/strong> Eventos en los que participan agentes de toda la cadena de valor para debatir soluciones actuales, retos del mercado y exigencias legales.<\/li>\n<li><strong>Desarrollo de iniciativas de innovaci\u00f3n empresaria<\/strong>l (individuales y\/o colaborativas)<\/li>\n<\/ul>\n<p>[\/vc_column_text][vc_empty_space height=\u201d50px\u201d][\/vc_column_inner][\/vc_row_inner][vc_row_inner el_class=\u201dvc_container_inner\u201d][vc_column_inner][vc_column_text]<\/p>\n<h3>X Foro T\u00e9cnico y de Networking<\/h3>\n<p>[\/vc_column_text][vc_column_text el_class=\u201dfecha\u201d]<strong>25 octubre 2023<\/strong>[\/vc_column_text][vc_column_text el_class=\u201dlista_anclas\u201d]<strong><span style=\"color: #ee7326;\">Estrategias de ecodise\u00f1o en envases para adaptarse a los futuros objetivos legislativos<\/span><\/strong>[\/vc_column_text][vc_column_text el_class=\u201dlista_anclas\u201d]10.00-10.20 Introducci\u00f3n, presentaci\u00f3n de los nuevos miembros y contenidos 2023 AINIA Packaging Hub (Leonor Pascual, <b>AINIA<\/b>)<\/p>\n<p><span style=\"color: #ee7326;\">Bloque I: Actualizaci\u00f3n legislativa y estrategias de ecodise\u00f1o en envases<br>\n<\/span><\/p>\n<ul>\n<li>10.20-10.45 Actualizaci\u00f3n de la reglamentaci\u00f3n relativa a envases para alimentos (Jos\u00e9 Mar\u00eda Ferrer<strong>, AINIA<\/strong>)<\/li>\n<li>10.45-11.10 Caso de \u00e9xito de empresa envasadora (pendiente de confirmaci\u00f3n)<\/li>\n<li>11.10-11.35 Experiencia de la distribuci\u00f3n en ecodise\u00f1o (Carolina Mu\u00f1oz, <strong>Consum<\/strong>)<\/li>\n<\/ul>\n<p>11.35-12.00 Pausa caf\u00e9<\/p>\n<p><span style=\"color: #ee7326;\">Bloque II: Reutilizaci\u00f3n de envases en la industria agroalimentaria\u00a0 <\/span><\/p>\n<ul>\n<li>12.00-12.25 Necesidad, evaluaci\u00f3n y mejora de la limpiabilidad de superficies aplicado a envases reutilizables para garantizar la seguridad alimentaria (Irene Llorca y Leonor Pascual, <strong>AINIA<\/strong>)<\/li>\n<li>12.25-12.50 Soluciones de smart-packaging aislantes, sostenibles y retornables.\u00a0 (V\u00edctor Borr\u00e1s, <strong>Knauf Miret<\/strong>)<\/li>\n<li>12.50-13.15 Implicaciones del futuro reglamento europeo de envases: la reutilizaci\u00f3n entra en juego. (Fernando Rodr\u00edguez-Mata, <strong>New ERA \u2013 New European Reuse Alliance<\/strong>)<\/li>\n<\/ul>\n<p>13.15-13.30 Pr\u00f3ximos contenidos de AINIA Packaging Hub. (Leonor Pascual,<b> AINIA<\/b>)<\/p>\n<p>13.30-14.30 Comida[\/vc_column_text][\/vc_column_inner][\/vc_row_inner][vc_row_inner el_class=\u201dvc_container_inner\u201d][vc_column_inner][vc_empty_space height=\u201d50px\u201d][\/vc_column_inner][\/vc_row_inner][vc_row_inner el_class=\u201dvc_container_inner\u201d][vc_column_inner][vc_column_text]<\/p>\n<h3>IX Foro T\u00e9cnico y de Networking<\/h3>\n<p>[\/vc_column_text][vc_column_text el_class=\u201dfecha\u201d]<strong>27 junio 2023<\/strong>[\/vc_column_text][vc_column_text el_class=\u201dlista_anclas\u201d]<strong><span style=\"color: #ee7326;\">Estrategias de ecodise\u00f1o en envases para adaptarse a los futuros objetivos legislativos\u00a0<\/span><\/strong>[\/vc_column_text][vc_column_text el_class=\u201dlista_anclas\u201d]10.00-10.20 Introducci\u00f3n, presentaci\u00f3n de los nuevos miembros y contenidos 2023 AINIA Packaging Hub (Leonor Pascual, <b>AINIA<\/b>)<\/p>\n<p><span style=\"color: #ee7326;\">Bloque I: Objetivos legislativos y tecnolog\u00edas para el reciclaje<br>\n<\/span><\/p>\n<ul>\n<li>10.20-10.45 Roadmap de obligaciones legislativas seg\u00fan el <span class=\"ui-provider gs b c d e f g h i j k l m n o p q r s t u v w x y z ab ac ae af ag ah ai aj ak\" dir=\"ltr\">Real Decreto de Envases y Residuos de Envases<\/span> y borrador del reglamento europeo envases y residuos de envases (Jos\u00e9 Mar\u00eda Ferrer, <b>AINIA<\/b>)<\/li>\n<li>10.45-11.10 Instalaci\u00f3n para el reciclaje de PET Bandeja (Max Strauss, <b>Repetco<\/b>)<\/li>\n<li>11.10-11.35 Schoeller Allibert. Soluciones innovadoras, reutilizables, eficientes por dise\u00f1o y circulares por naturaleza. Formamos parte de la soluci\u00f3n para acelerar las cadenas de suministro sostenibles (Esther Moya, <b>Schoeller<\/b> <b>Allibert<\/b>)<\/li>\n<\/ul>\n<p>11.35-12.00 Pausa caf\u00e9<\/p>\n<p><span style=\"color: #ee7326;\">Bloque II: Implementaci\u00f3n de estrategias de ecodise\u00f1o por la industria agroalimentaria\u00a0<\/span><\/p>\n<ul>\n<li>12.00-12.25 Estrategias de ecodise\u00f1o en envases por parte de la Distribuci\u00f3n (Alejandro Mart\u00ednez, <b>Eroski<\/b>)<\/li>\n<li>12.25-12.50 El envase un camino hacia la sostenibilidad 360 (Ekaterina Nikulina, <b>Garc\u00eda Carri\u00f3n<\/b>)<\/li>\n<li>12.50-13.15 Liderando la innovaci\u00f3n a trav\u00e9s del dise\u00f1o para la excelencia de envases (Fam\u00edlia Mart\u00ednez: Joan Alcaraz, <b>Platos Tradicionales<\/b> y Alberto Aguilar, <b>Embutidos Mart\u00ednez<\/b>)<\/li>\n<\/ul>\n<p>13.15-13.30 Pr\u00f3ximos contenidos de AINIA Packaging Hub. (Leonor Pascual,<b> AINIA<\/b>)<\/p>\n<p>13.30-14.30 Comida<\/p>\n<p>14.30-16.00 Actividad Networking[\/vc_column_text][vc_empty_space height=\u201d50px\u201d][\/vc_column_inner][\/vc_row_inner][vc_row_inner el_class=\u201dvc_container_inner\u201d][vc_column_inner][vc_column_text]<\/p>\n<h3>VIII Foro T\u00e9cnico y de Networking<\/h3>\n<p>[\/vc_column_text][vc_column_text el_class=\u201dfecha\u201d]<strong>24 noviembre 2022<\/strong>[\/vc_column_text][vc_column_text el_class=\u201dlista_anclas\u201d]<strong><span style=\"color: #ee7326;\">Estrategias de ecodise\u00f1o en envases implementadas por la distribuci\u00f3n nacional y europea<\/span><\/strong>[\/vc_column_text][vc_column_text el_class=\u201dlista_anclas\u201d]<\/p>\n<ul>\n<li><strong>Presentaci\u00f3n de los nuevos miembros y de la nueva imagen AINIA Packaging Hub<\/strong> (AINIA)<\/li>\n<\/ul>\n<p><span style=\"color: #ee7326;\">Bloque 1: Distribuci\u00f3n nacional<\/span><\/p>\n<ul>\n<li><strong>Escenario actual en la distribuci\u00f3n nacional <\/strong>(ACES: Asociaci\u00f3n de Cadenas Espa\u00f1olas de Supermercados)<\/li>\n<li><strong>Packaging optimizado y sostenibilidad <\/strong>(Carrefour)<\/li>\n<li><strong>Turno de preguntas y debate<\/strong><\/li>\n<\/ul>\n<p><span style=\"color: #ee7326;\">Bloque 2: Distribuci\u00f3n europea<\/span><\/p>\n<ul>\n<li><strong>Escenario actual en la distribuci\u00f3n portuguesa <\/strong>(FIPA: Federaci\u00f3n de Industrias Portuguesas Agroalimentarias)<\/li>\n<li><strong>Experiencia de la empresa portuguesa Super Bock<\/strong> (Super Bock)<\/li>\n<li><strong>Innovaciones en ecodise\u00f1o de envases publicadas por la distribuci\u00f3n europea: tendencias y casos <\/strong>(AINIA)<\/li>\n<li><strong>Turno de preguntas y debate<\/strong><\/li>\n<li><strong>Servicios de AINIA y pr\u00f3ximos contenidos de AINIA Packaging Hub<\/strong> (AINIA)<\/li>\n<li><strong>Networking<\/strong><\/li>\n<\/ul>\n<p>[\/vc_column_text][vc_empty_space height=\u201d50px\u201d][\/vc_column_inner][\/vc_row_inner][vc_row_inner el_class=\u201dvc_container_inner\u201d][vc_column_inner][vc_column_text]<\/p>\n<h3>VII Foro T\u00e9cnico y de Networking<\/h3>\n<p>[\/vc_column_text][vc_column_text el_class=\u201dfecha\u201d]<strong>14 junio 2022<\/strong><\/p>\n<p><strong>Estrategias de ecodise\u00f1o en envases alineados con los objetivos medioambientales: ejemplos de la industria<\/strong>[\/vc_column_text][vc_column_text el_class=\u201dlista_anclas\u201d]<\/p>\n<ul>\n<li>Introducci\u00f3n<\/li>\n<li>Novedades de la nueva versi\u00f3n del Proyecto de RD de Envases y Residuos de Envases (AINIA)<\/li>\n<li><strong>Reutilizaci\u00f3n<\/strong><\/li>\n<li><strong>Reciclabilidad: <\/strong>Estructura multicapa reciclable basada en PA (UBE)<\/li>\n<li>Preguntas y debate<\/li>\n<\/ul>\n<p>\u00a0<\/p>\n<ul>\n<li><strong>Incorporaci\u00f3n de reciclado<\/strong>: Incorporaci\u00f3n de rPET (FAERCH)<\/li>\n<li><strong>Uso de materiales alternativos:<\/strong> Uso de biopl\u00e1sticos compostables (Coffee Productions)<\/li>\n<li><strong>Reducci\u00f3n de la cantidad de material<\/strong> (Amcor)<\/li>\n<li><strong>Implementaci\u00f3n conjunta de diferentes estrategias <\/strong>(Calidad Pascual)<\/li>\n<li>Preguntas y debate<\/li>\n<\/ul>\n<p>[\/vc_column_text][\/vc_column_inner][\/vc_row_inner][vc_empty_space height=\u201d50px\u201d][vc_row_inner el_class=\u201dvc_container_inner\u201d][vc_column_inner][vc_column_text]<\/p>\n<h3>Jornada Flash Legislaci\u00f3n<\/h3>\n<p>[\/vc_column_text][vc_column_text el_class=\u201dfecha\u201d]<strong>31 marzo 2022<\/strong>[\/vc_column_text][vc_column_text el_class=\u201dlista_anclas\u201d]<\/p>\n<ul>\n<li>Introducci\u00f3n a la Jornada<\/li>\n<li>Nueva legislaci\u00f3n espa\u00f1ola sobre envases y residuos de envases: respuestas a las preguntas m\u00e1s frecuentes.\n<ul>\n<li>Ponentes: AINIA, Universidad de A Coru\u00f1a<\/li>\n<\/ul>\n<\/li>\n<li>Otras preguntas y mesa redonda con los ponentes<\/li>\n<\/ul>\n<p>[\/vc_column_text][vc_empty_space height=\u201d50px\u201d][\/vc_column_inner][\/vc_row_inner][vc_row_inner el_class=\u201dvc_container_inner\u201d][vc_column_inner][vc_column_text]<\/p>\n<h3>VI Foro Networking<\/h3>\n<p>[\/vc_column_text][vc_column_text el_class=\u201dfecha\u201d]<strong>9 noviembre 2021<\/strong>[\/vc_column_text][vc_column_text el_class=\u201dlista_anclas\u201d]<\/p>\n<ul>\n<li>Presentaci\u00f3n de la jornada, proyecto y networking. (AINIA)<\/li>\n<\/ul>\n<h4><strong>BLOQUE I:<\/strong> Innovaci\u00f3n en tecnolog\u00edas de reciclaje<\/h4>\n<ul>\n<li>El proceso de reciclaje qu\u00edmico mediante pir\u00f3lisis. Hintes Oil Europa. (<strong>Hintes Oil Europa<\/strong>)<\/li>\n<li>RBLACK. La soluci\u00f3n para colorear pl\u00e1sticos negros compatible con la clasificaci\u00f3n NIR. ( <strong>Al Farben<\/strong>)<\/li>\n<li>Carbios Enzymatic recycling: Endless recycling of PET packaging. (<strong>Carbios<\/strong>)<\/li>\n<li>Turno de preguntas y debate Bloque I<\/li>\n<\/ul>\n<h4><strong>BLOQUE II:<\/strong> Legislaci\u00f3n sobre envases y residuos de envase<\/h4>\n<ul>\n<li>Introducci\u00f3n a la normativa europea sobre Econom\u00eda Circular (<strong>AINIA<\/strong>)<\/li>\n<li>Aproximaci\u00f3n a las principales novedades en normativa nacional sobre envases (<strong>AINIA<\/strong>)<\/li>\n<li>Turno de preguntas y debate Bloque II<\/li>\n<\/ul>\n<p>[\/vc_column_text][\/vc_column_inner][\/vc_row_inner][vc_row_inner el_class=\u201dvc_container_inner listado_bloques\u201d][vc_column_inner][vc_column_text]<\/p>\n<h3>V Foro Networking<\/h3>\n<p>[\/vc_column_text][vc_column_text el_class=\u201dfecha\u201d]<strong>20 abril 2021<\/strong>[\/vc_column_text][vc_column_text el_class=\u201dlista_anclas\u201d]<\/p>\n<ul>\n<li>Presentaci\u00f3n de la jornada, prospectivas y networking. (AINIA)<\/li>\n<li>FOOD for Life-Spain. Oportunidades de I+D+i para sus socios. (FOOD for -Life-Spain)<\/li>\n<\/ul>\n<h4><strong>BLOQUE I<\/strong><\/h4>\n<ul>\n<li>Design for Recycling with RecyClass. (Recyclass)<\/li>\n<li>Certifying Recycled Content: Traceability of recycled plastics for reliable claims. (Plastics Recyclers Europe)<\/li>\n<li>The added value of certification for bioplastics. (T\u00dcV Austria)<\/li>\n<li>Turno de preguntas y debate Bloque I<\/li>\n<\/ul>\n<h4><strong>BLOQUE II<\/strong><\/h4>\n<ul>\n<li>Cerrando el c\u00edrculo de los envases termoformados de PET. (Fundaci\u00f3n Plastic Sense)<\/li>\n<li>El Reciclado de pl\u00e1stico PET: Proceso de Revalorizaci\u00f3n. (PET COMPA\u00d1\u00cdA)<\/li>\n<li>Turno de preguntas y debate Bloque II<\/li>\n<li>Sala tem\u00e1tica 1A: Tendencias sostenibles en envases celul\u00f3sicos<\/li>\n<li>Sala tem\u00e1tica 2A: Estrategias de ecodise\u00f1o y reciclabilidad en envases de pl\u00e1stico<\/li>\n<\/ul>\n<p style=\"margin-top: 30px; margin-bottom: 30px;\"><strong>21 abril 2021<\/strong><\/p>\n<ul>\n<li>Sala tem\u00e1tica 1B: Tendencias sostenibles en envases celul\u00f3sicos<\/li>\n<li>Sala tem\u00e1tica 2B: Estrategias de ecodise\u00f1o y reciclabilidad en envases de pl\u00e1stico<\/li>\n<\/ul>\n<p>[\/vc_column_text][\/vc_column_inner][\/vc_row_inner][vc_row_inner el_class=\u201dvc_container_inner caracteristicas_prospectiva\u201d][vc_column_inner width=\u201d1\/5\u2033][vc_column_text]Mi\u00e9rcoles<br>\n<strong>21.04.21<\/strong>[\/vc_column_text][vc_column_text el_class=\u201dhoras\u201d]12.00-17.00 h.[\/vc_column_text][\/vc_column_inner][vc_column_inner width=\u201d1\/5\u2033][vc_column_text]Jueves<br>\n<strong>22.04.21<\/strong>[\/vc_column_text][vc_column_text el_class=\u201dhoras\u201d]10.00-17.00 h.[\/vc_column_text][\/vc_column_inner][vc_column_inner width=\u201d1\/5\u2033][vc_column_text]Viernes<br>\n<strong>23.04.21<\/strong>[\/vc_column_text][vc_column_text el_class=\u201dhoras\u201d]10.00-17.00 h.[\/vc_column_text][\/vc_column_inner][vc_column_inner width=\u201d1\/5\u2033][vc_column_text]Lunes<br>\n<strong>26.04.21<\/strong>[\/vc_column_text][vc_column_text el_class=\u201dhoras\u201d]10.00-17.00 h.[\/vc_column_text][\/vc_column_inner][vc_column_inner width=\u201d1\/5\u2033][vc_column_text]Martes<br>\n<strong>27.04.21<\/strong>[\/vc_column_text][vc_column_text el_class=\u201dhoras\u201d]10.00-17.00 h.[\/vc_column_text][\/vc_column_inner][\/vc_row_inner][\/vc_column][\/vc_row][vc_row full_width=\u201dstretch_row\u201d disable_element=\u201dyes\u201d el_class=\u201dancla_prospectiva prospectiva_img_derecha\u201d css=\u201d.vc_custom_1709553247942{background-image: url(https:\/\/www.ainia.com\/wp-content\/uploads\/2021\/11\/MESA_REDONDA_VIRTUAL.jpg?id=120345) !important;}\u201d][vc_column][vc_row_inner el_class=\u201dvc_container_inner listado_bloques\u201d][vc_column_inner width=\u201d1\/2\u2033][vc_column_text]<\/p>\n<h3>Mesa redonda virtual<\/h3>\n<p>[\/vc_column_text][vc_column_text el_class=\u201dfecha\u201d]<strong>23 marzo 2021<\/strong>[\/vc_column_text][vc_column_text el_class=\u201dlista_anclas\u201d]<\/p>\n<h4>Aspectos clave de la Directiva sobre Productos de Pl\u00e1stico de Un Solo Uso<\/h4>\n<p>La futura Ley de Residuos, que transpondr\u00e1 la Directiva 904\/2019 (SUP), regular\u00e1 los productos de Pl\u00e1stico de un solo uso y ser\u00e1 una realidad en el \u00e1mbito nacional a final de 2021. A pesar de la cercana aprobaci\u00f3n, todav\u00eda existen incertidumbres en relaci\u00f3n con su \u00e1mbito de aplicaci\u00f3n.<\/p>\n<p>El objetivo de esta mesa redonda es abordar las principales inquietudes e incertidumbres que genera su aplicaci\u00f3n en los distintos agentes que conforman la cadena de valor, desde los fabricantes de materiales de pl\u00e1sticos (por ejemplo, envasado), pasando por la industria de bienes de consumo, hasta la distribuci\u00f3n.<\/p>\n<p>Modera: AINIA<\/p>\n<p>Participa:<\/p>\n<ul>\n<li>Ministerio para la Transici\u00f3n Ecol\u00f3gica y el Reto Demogr\u00e1fico<\/li>\n<li>Ideo Legal Abogados.<\/li>\n<li>AINIA.<\/li>\n<\/ul>\n<p>[\/vc_column_text][\/vc_column_inner][vc_column_inner width=\u201d1\/2\u2033][\/vc_column_inner][\/vc_row_inner][\/vc_column][\/vc_row][vc_row disable_element=\u201dyes\u201d el_class=\u201dancla_prospectiva\u201d][vc_column][vc_row_inner el_class=\u201dvc_container_inner listado_bloques\u201d][vc_column_inner][vc_column_text]<\/p>\n<h3>IV Foro de Networking<\/h3>\n<p>[\/vc_column_text][vc_column_text el_class=\u201dfecha\u201d]<strong>15 diciembre 2020<\/strong>[\/vc_column_text][vc_column_text el_class=\u201dlista_anclas\u201d]<\/p>\n<ul>\n<li>Presentaci\u00f3n de la jornada, prospectivas y networking<\/li>\n<\/ul>\n<h4><strong>Bloque 1: Alternativas a los pl\u00e1sticos convencionales para envasado<\/strong><\/h4>\n<ul>\n<li>Botella de papel de Billerud Korsnas (Billerud Korsnas)<\/li>\n<li>Nuevos desarrollos dirigidos a una tecnolog\u00eda de envasado m\u00e1s sostenible. (AINIA)<\/li>\n<li>Nuevos desarrollos del mercado alternativos a los envases de pl\u00e1stico convencionales (AINIA)<\/li>\n<li>Turno de preguntas y debate Bloque I<\/li>\n<\/ul>\n<h4><strong>Bloque 2: Reciclaje y sostenibilidad: evoluci\u00f3n de la legislaci\u00f3n y casos pr\u00e1cticos<\/strong><\/h4>\n<ul>\n<li>El Impuesto sobre Envases de Pl\u00e1stico no Reutilizables propuesta espa\u00f1ola y casos comparados (Profesor Titular de Derecho Financiero y Tributario)<\/li>\n<li>Desencadenando la Circularidad del Packaging en DANONE (DANONE)<\/li>\n<li>Reciclaje de estructuras multicapa (t\u00edtulo provisional) (Sulayr)<\/li>\n<li>Turno de preguntas y debate Bloque II<\/li>\n<\/ul>\n<p>[\/vc_column_text][\/vc_column_inner][\/vc_row_inner][vc_row_inner el_class=\u201dvc_container_inner listado_bloques\u201d][vc_column_inner][vc_column_text]<\/p>\n<h3>III Foro de Networking<\/h3>\n<p>[\/vc_column_text][vc_column_text el_class=\u201dfecha\u201d]<strong>9 julio 2020<\/strong>[\/vc_column_text][vc_column_text el_class=\u201dlista_anclas listado_con_espacio\u201d]<\/p>\n<ul>\n<li>Influencia de la crisis del COVID-19 en la adecuaci\u00f3n de los envases hacia la estrategia de Econom\u00eda Circular. (AINIA)<\/li>\n<li>Directiva SUP: retos para su implementaci\u00f3n. (Ministerio para la Transici\u00f3n Ecol\u00f3gica y el Reto Demogr\u00e1fico)<\/li>\n<li>Las normas como herramienta de apoyo a la econom\u00eda circular. Aplicaci\u00f3n a los envases. (UNE)<\/li>\n<li>Evaluaci\u00f3n de la reciclabilidad de un envase pl\u00e1stico seg\u00fan diferentes herramientas. (AINIA)<\/li>\n<li>NatureFlex\u2122 de Futamura\u2122. Films celul\u00f3sicos compostables ; una alternativa sostenible y complementaria a los films pl\u00e1sticos. (Futamura)<\/li>\n<li>ChemCycling \u2013 heading for a circular economy (BASF)<\/li>\n<li>La apuesta de Nestl\u00e9 por la econom\u00eda circular en la gesti\u00f3n de envases. (Nestl\u00e9 Espa\u00f1a)<\/li>\n<\/ul>\n<p>[\/vc_column_text][\/vc_column_inner][\/vc_row_inner][\/vc_column][\/vc_row][vc_row disable_element=\u201dyes\u201d el_class=\u201dancla_prospectiva listado_ancla_prospectiva_imagen\u201d][vc_column][vc_row_inner el_class=\u201dvc_container_inner listado_bloques\u201d][vc_column_inner width=\u201d6\/12\u2033][vc_column_text]<\/p>\n<h3>II Foro de Networking<\/h3>\n<p>[\/vc_column_text][vc_column_text el_class=\u201dfecha\u201d]<strong>5 noviembre 2019<\/strong>[\/vc_column_text][vc_column_text el_class=\u201dlista_anclas listado_con_espacio\u201d]Este foro cont\u00f3 con ponentes de primer nivel, representantes de los distintos eslabones de la cadena, que abordaron tem\u00e1ticas como el reciclado mec\u00e1nico, la normativa actual, las pol\u00edticas europeas e iniciativas hacia la sostenibilidad. En concreto se abord\u00f3:<\/p>\n<ul>\n<li>Directiva sobre los productos de pl\u00e1stico de un solo uso (<strong>AINIA<\/strong>)<\/li>\n<li>El reciclado mec\u00e1nico como herramienta clave para implementar la Econom\u00eda Circular (<strong>ANARPLA<\/strong>)<\/li>\n<li>Repsol\u2019s contribution to circular Economy (<strong>REPSOL<\/strong>)<\/li>\n<li>Solutions for sustainable packaging &amp; circular economy (<strong>SCHUR FLEXIBLES<\/strong>)<\/li>\n<li>La Estrategia Europea del Pl\u00e1stico: Preguntas y Respuestas (<strong>Ministerio de Industria, Comercio y Turismo<\/strong>)<\/li>\n<\/ul>\n<p>[\/vc_column_text][\/vc_column_inner][vc_column_inner width=\u201d1\/12\u2033][\/vc_column_inner][vc_column_inner width=\u201d5\/12\u2033][vc_single_image image=\u201d120347\u2033 img_size=\u201dfull\u201d css=\u201d.vc_custom_1639570496226{margin-top: 60px !important;}\u201d][\/vc_column_inner][\/vc_row_inner][\/vc_column][\/vc_row][vc_row disable_element=\u201dyes\u201d el_class=\u201dancla_prospectiva\u201d][vc_column][vc_row_inner el_class=\u201dvc_container_inner listado_bloques\u201d][vc_column_inner width=\u201d1\/2\u2033][vc_column_text]<\/p>\n<h3>I Foro de Networking<\/h3>\n<p>[\/vc_column_text][vc_column_text el_class=\u201dfecha\u201d]<strong>24 abril 2019<\/strong>[\/vc_column_text][vc_column_text el_class=\u201dlista_anclas\u201d]Asistencia del 90% de las entidades involucradas, representantes de toda la cadena de valor.[\/vc_column_text][\/vc_column_inner][vc_column_inner width=\u201d1\/2\u2033][\/vc_column_inner][\/vc_row_inner][vc_row_inner el_class=\u201dvc_container_inner\u201d css=\u201d.vc_custom_1637064677229{margin-top: 40px !important;}\u201d][vc_column_inner][vc_single_image image=\u201d120343\u2033 img_size=\u201dfull\u201d][\/vc_column_inner][\/vc_row_inner][vc_row_inner el_class=\u201dvc_container_inner\u201d][vc_column_inner][vc_column_text el_class=\u201denlace_borde_naranja\u201d]<a class=\"contacto_ainia_prospectiva\" href=\"#contacto_ainia_prospectiva\">Participa<\/a>[\/vc_column_text][\/vc_column_inner][\/vc_row_inner][vc_empty_space height=\u201d70px\u201d][\/vc_column][\/vc_row][vc_row full_width=\u201dstretch_row\u201d el_class=\u201dbloque acceso_prospectiva\u201d css=\u201d.vc_custom_1709553296773{background-color: #f0f0f0 !important;}\u201d][vc_column][vc_row_inner el_class=\u201dvc_container_inner\u201d][vc_column_inner width=\u201d1\/3\u2033][vc_column_text css=\u201d\u201d]<\/p>\n<h2>Acc\u00e8s participants<\/h2>\n<p>Ce contenu est prot\u00e9g\u00e9 par mot de passe. Pour le voir, veuillez saisir votre mot de passe ci-dessous :[\/vc_column_text][\/vc_column_inner][vc_column_inner width=\u201d2\/3\u2033]<\/p><div class=\"wpb-content-wrapper\"><div class=\"vc_row wpb_row vc_row-fluid bloque_siete formulario_prospectiva_acceso\"><div class=\"formulario_contacta_prospectiva wpb_column vc_column_container vc_col-sm-12\"><div class=\"vc_column-inner\"><div class=\"wpb_wrapper\"><div class=\"vc_row_inner\"><form id=\"id-69f43abb5a7aa\" action=\"https:\/\/www.ainia.com\/wp-login.php?action=postpass\" class=\"post-password-form\" method=\"post\"><div class=\"vc_column_inner vc_col-sm-8\"><label>Mot de passe<\/label><input name=\"post_password\" id=\"pwbox-131167\" type=\"password\" size=\"20\" required><\/div><div class=\"vc_column_inner vc_col-sm-4\"><div class=\"boton_enviar\"><button type=\"submit\"><span class=\"btn-loader\" style=\"display:none; line-height: 1;\"><i class=\"fas fa-circle-notch fa-spin\"><\/i><\/span> <span class=\"btn-text\">Acceder<\/span><\/button><\/div><\/div><div class=\"password-error vc_column_inner vc_col-sm-8\" style=\"display:none\"><p style=\"color:red\">Le mot de passe n\u2019est pas correct<\/p><\/div><input type=\"hidden\" name=\"_wp_http_referer\" value=\"https:\/\/www.ainia.com\/prospectiva-estrategica\/acceso-prospectiva-estrategica\/\"><\/form><\/div><\/div><\/div><\/div><\/div>        <script type=\"text\/javascript\">\n            (() => {\n                \n                const form = document.getElementById(\"id-69f43abb5a7aa\");\n                \/\/ const submitBtn = form.querySelector(\"input[type='submit']\");\n                const submitBtn = form.querySelector(\"button[type='submit']\");\n                const submitBtnLoader = submitBtn.querySelector(\".btn-loader\");\n                \n                const showPasswordError = () => (form.querySelector(\".password-error\").style.display = \"block\");\n                const hidePasswordError = () => (form.querySelector(\".password-error\").style.display = \"none\");\n                \n                const setFormSubmitting = (loading=true) => {\n                    if(loading){\n                        form.classList.add(\"form-submitting\");\n                        submitBtn.disabled = true;\n                        submitBtnLoader.style.display = \"inline-block\";\n                    }else{\n                        form.classList.remove(\"form-submitting\");\n                        submitBtn.disabled = false;\n                        submitBtnLoader.style.display = \"none\";\n                    }\n                };\n                \n                document.getElementById(\"id-69f43abb5a7aa\").addEventListener(\"submit\", (event) => {\n                    event.preventDefault();\n                    \n                    const formData = new FormData(form);\n                    \n                    hidePasswordError();\n                    setFormSubmitting(true);\n                    \n                    fetch(\"https:\/\/www.ainia.com\/fr\/wp-json\/stg\/v1\/check-post-password\/\", {\n                        method: 'POST',\n                        headers: {\n                            'Content-Type': 'application\/json'\n                        },\n                        body: JSON.stringify({\n                            post_id: 131167,\n                            post_password: formData.get('post_password')\n                        })\n                    })\n                    .then((response) => response.json())\n                    .then((data) => {\n                        if (data.status) {\n                            form.submit();\n                        } else {\n                            showPasswordError();\n                            setFormSubmitting(false);\n                        }\n                        \/\/setFormSubmitting(false);\n                    })\n                    .catch((error) => {\n                        console.error(\"Error:\", error);\n                        setFormSubmitting(false);\n                    });                    \n                });\n            })();\n        <\/script>\n        <\/div>[\/vc_column_inner][\/vc_row_inner][\/vc_column][\/vc_row][vc_row el_class=\u201dancla_prospectiva espacio_prospectiva coste_prospectiva\u201d][vc_column][vc_row_inner el_class=\u201dvc_container_inner\u201d css=\u201d.vc_custom_1637665619341{margin-top: 90px !important;}\u201d][vc_column_inner][vc_column_text css=\u201d\u201d]\n<h3>Co\u00fbt de participation au projet<\/h3>\n<p>[\/vc_column_text][vc_column_text css=\u201d\u201d el_class=\u201dlista_anclas\u201d]Entreprises associ\u00e9es \u00e0 <span style=\"color: #ff6e00;\"><strong>AINIA Network<\/strong><\/span>: 900 \u20ac + TVA<br>\nNon associ\u00e9es : 1.500 \u20ac + TVA[\/vc_column_text][\/vc_column_inner][\/vc_row_inner][\/vc_column][\/vc_row][vc_row el_id=\u201dcontactar\u201d][vc_column][vc_row_inner el_class=\u201dvc_container_inner\u201d][vc_column_inner]<\/p><div class=\"wpb-content-wrapper\"><div class=\"vc_container_inner\"><div id=\"contacto_enlace_servicio\" class=\"vc_row wpb_row vc_row-fluid top_home_sectores bloque bloque_siete_top\"><div class=\"titular_top wpb_column vc_column_container vc_col-sm-12\"><div class=\"vc_column-inner\"><div class=\"wpb_wrapper\"><h4 class=\"titular_h2\">En quoi puis-je t\u2019aider?<\/h4><\/div><\/div><\/div><\/div><\/div><div class=\"vc_container_inner\"><div class=\"vc_row wpb_row vc_row-fluid bloque_siete\"><div class=\"formulario_contacta wpb_column vc_column_container vc_col-sm-8\"><div class=\"vc_column-inner\"><div class=\"wpb_wrapper\"><div class=\"vc_row_inner\"><div class=\"vc_column_inner vc_col-sm-6\"><label>Pr\u00e9nom et nom*<\/label><input id=\"nombre\" name=\"nombre\" type=\"text\" maxlength=\"100\" required><\/div><div class=\"vc_column_inner vc_col-sm-6\"><label>Email*<\/label><input id=\"email\" name=\"email\" type=\"text\" maxlength=\"100\" required><\/div><\/div><div class=\"vc_row_inner\"><div class=\"vc_column_inner vc_col-sm-6\"><label>Entreprise*<\/label><input id=\"empresa\" name=\"empresa\" type=\"text\" maxlength=\"100\" required><\/div><div class=\"vc_column_inner vc_col-sm-6\"><label>T\u00e9l\u00e9phone*<\/label><input id=\"telefono\" name=\"telefono\" maxlength=\"30\" type=\"text\" required><\/div><\/div><div class=\"vc_row_inner\"><div class=\"vc_column_inner vc_col-sm-12\"><label>Message*<\/label><textarea id=\"mensaje\" name=\"consulta\" maxlength=\"1024\" required><\/textarea><\/div><\/div><div class=\"vc_row_inner\"><div class=\"vc_column_inner vc_col-sm-12\"><span style=\"color:#555555\"><strong>Informations de base sur la protection des donn\u00e9es<\/strong><\/span><br><br>\n<table border=\"0\" width=\"100%\" style=\"font-size:11px\">\n<tbody>\n  <tr>\n    <td width=\"57\" valign=\"top\"><strong>Responsable <\/strong><\/td>\n    <td width=\"520\" valign=\"top\">AINIA<\/td>\n  <\/tr>\n  <tr>\n    <td width=\"57\" valign=\"top\"><strong>Adresse <\/strong><\/td>\n    <td width=\"520\" valign=\"top\">Calle Benjam\u00edn Franklin, 5 a 11, CP 46980 Paterna (Valencia)<\/td>\n  <\/tr>\n  <tr>\n    <td width=\"57\" valign=\"top\"><strong>But <\/strong><\/td>\n    <td width=\"520\" valign=\"top\">Participez, inscrivez-vous et vous contacter pour r\u00e9soudre la demande que vous nous faites via ce formulaire de contact<\/td>\n  <\/tr>\n  <tr>\n    <td width=\"57\" valign=\"top\"><strong>L\u00e9gitimation <\/strong><\/td>\n    <td width=\"520\" valign=\"top\">Vos donn\u00e9es ne seront trait\u00e9es qu\u2019avec votre consentement, en cochant la case indiqu\u00e9e sur ce formulaire <\/td>\n  <\/tr>\n  <tr>\n    <td width=\"57\" valign=\"top\"><strong>Destinataires<\/strong><\/td>\n    <td width=\"520\" valign=\"top\">Vos donn\u00e9es ne seront pas transf\u00e9r\u00e9es \u00e0 des tiers<\/td>\n  <\/tr>\n  <tr>\n    <td width=\"57\" valign=\"top\"><strong>Droits<\/strong><\/td>\n    <td width=\"520\" valign=\"top\">Vous avez le droit de nous demander d\u2019acc\u00e9der \u00e0 vos donn\u00e9es, de les rectifier ou de les supprimer, vous pouvez \u00e9galement nous demander de limiter leur traitement, de vous opposer et la portabilit\u00e9 de vos donn\u00e9es, en contactant notre adresse postale ou <a href=\"mailto:Privacy@ainia.es\" style=\"color:#ff6e00;\">privacy@ainia.es<\/a><\/td>\n  <\/tr>\n  <tr>\n    <td width=\"57\" valign=\"top\"><strong>Plus d\u2019informations <\/strong><\/td>\n    <td width=\"520\" valign=\"top\">Vous avez plus d\u2019informations dans notre <a href=\"https:\/\/www.ainia.com\/politica-privacidad\/\" style=\"color:#ff6e00;\">Politique de confidentialit\u00e9<\/a><\/td>\n  <\/tr>\n  <tr>\n    <td width=\"57\" valign=\"top\"><strong>DPO <\/strong><\/td>\n    <td width=\"520\" valign=\"top\">Si vous avez des questions sur la mani\u00e8re dont nous traiterons vos donn\u00e9es ou si vous souhaitez faire des suggestions ou des r\u00e9clamations, contactez le d\u00e9l\u00e9gu\u00e9 \u00e0 la protection des donn\u00e9es \u00e0 info@businessadapter.es ou \u00e0 <a href=\"https:\/\/www.businessadapter.es\/contacta-con-el-delegado-de-proteccion-de-datos\" style=\"color:#ff6e00;\"> Formulaire d\u2019attention des parties int\u00e9ress\u00e9es<\/a><\/td>\n  <\/tr>\n\t<\/tbody>\n<\/table><p class=\"acepto\"><input type=\"checkbox\" id=\"acepto_politica\" name=\"acepto\">  J\u2019accepte l\u2019utilisation de mes donn\u00e9es personnelles pour r\u00e9pondre \u00e0 ma demande, comme \u00e9tabli dans votre <a href=\"https:\/\/www.ainia.com\/fr\/ainia-packaging-hub\/\" target=\"_blank\" style=\"color:#ff6e00;\">Politique de confidentialit\u00e9<\/a>.<\/p><p class=\"acepto\"><input type=\"checkbox\" id=\"acepto_comunicaciones\" name=\"acepto\">  J\u2019accepte l\u2019utilisation de mes donn\u00e9es pour recevoir des informations et des communications commerciales de votre entit\u00e9.<\/p><\/div><div class=\"vc_col-sm-5\"><div class=\"boton_enviar\"><input id=\"btn_enviar\" type=\"submit\" value=\"Envoyer\"><\/div><\/div><\/div><div class=\"vc_col-sm-12\"><div class=\"respuesta_envio\"><\/div><\/div><div class=\"vc_col-sm-12\"><div class=\"error_container\"><\/div><\/div><\/div><\/div><\/div><div class=\"persona_contacto wpb_column vc_column_container vc_col-sm-4\"><div class=\"vc_column-inner\"><div class=\"wpb_wrapper\"><div class=\"imagen_persona_form\"><img decoding=\"async\" src=\"https:\/\/www.ainia.com\/wp-content\/uploads\/2022\/03\/Leonor-Pascual.jpg\"><\/div><div class=\"nombre\">Leonor Pascual<\/div><div class=\"cargo\">Technologies d\u2019Emballage<\/div><\/div><\/div><\/div><\/div><\/div>\n    <script>\n      jQuery(document).on(\"click\", \"#btn_enviar\", function(e){\n        e.preventDefault();\n        var empty_required = 0;\n        jQuery(\".error_container\").html(\"\");\n        jQuery(\"input,textarea,select\").filter(\"[required]:visible\").each(function(){\n          if(jQuery(this).val() == null || jQuery(this).val() == \"\"){\n            empty_required++;\n          }\n        });\n\n        if(jQuery(\"#acepto_politica\").prop(\"checked\")){\n          if(is_valid_email(jQuery(\"#email\").val())){\n            if(!empty_required){\n              jQuery.ajax({\n                url: MyAjax.url,\n                type: \"post\",\n                dataType: \"json\",\n                data: {\n                  action: \"formulario_contacto\",\n                  formulario_origen: \"AINIA Packaging Hub\",\n                  url_origen: \"https:\/\/www.ainia.com\/fr\/ainia-packaging-hub\/\",\n                  nombre: jQuery(\"#nombre\").val(),\n                  email: jQuery(\"#email\").val(),\n\t\t\t\t  asunto: \"\",\n                  telefono: jQuery(\"#telefono\").val(),\n                  empresa: jQuery(\"input[id=empresa]\").val(),\n                  mensaje: jQuery(\"#mensaje\").val(),\n                  acepto_politica: jQuery(\"#acepto_politica\").prop(\"checked\") ? 1 : 0,\n                  acepto_comunicaciones: jQuery(\"#acepto_comunicaciones\").prop(\"checked\") ? 1 : 0\n                }\n              }).always(function(data){\n                  console.log(data)\n                  if(data){\n                    jQuery(\"input:not(input[type=submit]\").each(function(){\n                      jQuery(this).val(\"\");\n                    });\n                    jQuery(\"#mensaje\").val(\"\");\n                    jQuery(\"input[type=checkbox]\").each(function(){\n                      jQuery(this).prop(\"checked\", false);\n                    });\n                  }\n                  jQuery(\".respuesta_envio\").html(data);\n\t\t\t\t  ga('send', 'event', 'Contacto', 'submit');\n                });\n            }else{\n              jQuery(\".error_container\").append(\"<p class=\\\"ko_form\\\">Debes rellenar todos los campos obligatorios\");\n            }\n          }else{\n            jQuery(\".error_container\").append(\"<p class=\\\"ko_form\\\">Formato de email no v&aacute;lido\");\n          }\n        }else{\n          jQuery(\".error_container\").append(\"<p class=\\\"ko_form\\\">Debes aceptar la pol&iacute;tica de privacidad\");\n        }\n\n      });\n\n      function is_valid_email(email) {\n        var regex = \/^([a-zA-Z0-9_\\.\\-])+\\@(([a-zA-Z0-9\\-])+\\.)+([a-zA-Z0-9]{2,4})+$\/;\n        return regex.test(email) ? true : false;\n      }\n\n    <\/script><\/div>[\/vc_column_inner][\/vc_row_inner][\/vc_column][\/vc_row]\n<\/div><\/body><\/html>","protected":false},"excerpt":{"rendered":"AINIA Packaging HubRejoignez la plateforme ! L'innovation devient la cl\u00e9 pour s'orienter vers un \u00e9cosyst\u00e8me plus durable, objectif H2030. Plateforme technique qui offre aux entreprises des informations objectives pour s'orienter vers la strat\u00e9gie de l'\u00e9conomie circulaire dans le secteur des emballages et se connecter avec d'autres acteurs de la cha\u00eene de valeur afin de coop\u00e9rer [...]","protected":false},"author":4,"featured_media":171993,"parent":0,"menu_order":323,"comment_status":"closed","ping_status":"closed","template":"","meta":{"_acf_changed":false,"inline_featured_image":false,"footnotes":""},"class_list":["post-171939","page","type-page","status-publish","hentry"],"acf":[],"yoast_head":"<!-- This site is optimized with the Yoast SEO plugin v27.5 - https:\/\/yoast.com\/product\/yoast-seo-wordpress\/ -->\n<title>AINIA Packaging Hub. Innovation et durabilit\u00e9. Objectif H2030<\/title>\n<meta name=\"description\" content=\"Plateforme technique. Strat\u00e9gies pour l&#039;\u00e9conomie circulaire. Secteur des emballages. Coop\u00e9ration entre entreprises pour des solutions d&#039;emballages. Rejoignez-nous !\" \/>\n<meta name=\"robots\" content=\"index, follow, max-snippet:-1, max-image-preview:large, max-video-preview:-1\" \/>\n<link rel=\"canonical\" href=\"https:\/\/www.ainia.com\/fr\/ainia-packaging-hub\/\" \/>\n<meta property=\"og:locale\" content=\"fr_FR\" \/>\n<meta property=\"og:type\" content=\"article\" \/>\n<meta property=\"og:title\" content=\"AINIA Packaging Hub. Innovation et durabilit\u00e9. Objectif H2030\" \/>\n<meta property=\"og:description\" content=\"Plateforme technique. Strat\u00e9gies pour l&#039;\u00e9conomie circulaire. Secteur des emballages. Coop\u00e9ration entre entreprises pour des solutions d&#039;emballages. Rejoignez-nous !\" \/>\n<meta property=\"og:url\" content=\"https:\/\/www.ainia.com\/fr\/ainia-packaging-hub\/\" \/>\n<meta property=\"og:site_name\" content=\"AINIA\" \/>\n<meta property=\"og:image\" content=\"https:\/\/www.ainia.com\/wp-content\/uploads\/2022\/10\/APH-Cabecera.jpg\" \/>\n\t<meta property=\"og:image:width\" content=\"1260\" \/>\n\t<meta property=\"og:image:height\" content=\"840\" \/>\n\t<meta property=\"og:image:type\" content=\"image\/jpeg\" \/>\n<meta name=\"twitter:card\" content=\"summary_large_image\" \/>\n<meta name=\"twitter:label1\" content=\"Est. reading time\" \/>\n\t<meta name=\"twitter:data1\" content=\"22 minutes\" \/>\n<script type=\"application\/ld+json\" class=\"yoast-schema-graph\">{\"@context\":\"https:\\\/\\\/schema.org\",\"@graph\":[{\"@type\":\"WebPage\",\"@id\":\"https:\\\/\\\/www.ainia.com\\\/fr\\\/ainia-packaging-hub\\\/\",\"url\":\"https:\\\/\\\/www.ainia.com\\\/fr\\\/ainia-packaging-hub\\\/\",\"name\":\"AINIA Packaging Hub. Innovation et durabilit\u00e9. Objectif H2030\",\"isPartOf\":{\"@id\":\"https:\\\/\\\/www.ainia.com\\\/fr\\\/#website\"},\"primaryImageOfPage\":{\"@id\":\"https:\\\/\\\/www.ainia.com\\\/fr\\\/ainia-packaging-hub\\\/#primaryimage\"},\"image\":{\"@id\":\"https:\\\/\\\/www.ainia.com\\\/fr\\\/ainia-packaging-hub\\\/#primaryimage\"},\"thumbnailUrl\":\"https:\\\/\\\/www.ainia.com\\\/wp-content\\\/uploads\\\/2022\\\/10\\\/APH-Cabecera.jpg\",\"datePublished\":\"2024-07-24T07:52:27+00:00\",\"description\":\"Plateforme technique. Strat\u00e9gies pour l'\u00e9conomie circulaire. Secteur des emballages. Coop\u00e9ration entre entreprises pour des solutions d'emballages. Rejoignez-nous !\",\"breadcrumb\":{\"@id\":\"https:\\\/\\\/www.ainia.com\\\/fr\\\/ainia-packaging-hub\\\/#breadcrumb\"},\"inLanguage\":\"fr\",\"potentialAction\":[{\"@type\":\"ReadAction\",\"target\":[\"https:\\\/\\\/www.ainia.com\\\/fr\\\/ainia-packaging-hub\\\/\"]}]},{\"@type\":\"ImageObject\",\"inLanguage\":\"fr\",\"@id\":\"https:\\\/\\\/www.ainia.com\\\/fr\\\/ainia-packaging-hub\\\/#primaryimage\",\"url\":\"https:\\\/\\\/www.ainia.com\\\/wp-content\\\/uploads\\\/2022\\\/10\\\/APH-Cabecera.jpg\",\"contentUrl\":\"https:\\\/\\\/www.ainia.com\\\/wp-content\\\/uploads\\\/2022\\\/10\\\/APH-Cabecera.jpg\",\"width\":1260,\"height\":840},{\"@type\":\"BreadcrumbList\",\"@id\":\"https:\\\/\\\/www.ainia.com\\\/fr\\\/ainia-packaging-hub\\\/#breadcrumb\",\"itemListElement\":[{\"@type\":\"ListItem\",\"position\":1,\"name\":\"Portada\",\"item\":\"https:\\\/\\\/www.ainia.com\\\/fr\\\/\"},{\"@type\":\"ListItem\",\"position\":2,\"name\":\"AINIA Packaging Hub\"}]},{\"@type\":\"WebSite\",\"@id\":\"https:\\\/\\\/www.ainia.com\\\/fr\\\/#website\",\"url\":\"https:\\\/\\\/www.ainia.com\\\/fr\\\/\",\"name\":\"AINIA\",\"description\":\"AINIA\",\"publisher\":{\"@id\":\"https:\\\/\\\/www.ainia.com\\\/fr\\\/#organization\"},\"potentialAction\":[{\"@type\":\"SearchAction\",\"target\":{\"@type\":\"EntryPoint\",\"urlTemplate\":\"https:\\\/\\\/www.ainia.com\\\/fr\\\/?s={search_term_string}\"},\"query-input\":{\"@type\":\"PropertyValueSpecification\",\"valueRequired\":true,\"valueName\":\"search_term_string\"}}],\"inLanguage\":\"fr\"},{\"@type\":\"Organization\",\"@id\":\"https:\\\/\\\/www.ainia.com\\\/fr\\\/#organization\",\"name\":\"Ainia\",\"url\":\"https:\\\/\\\/www.ainia.com\\\/fr\\\/\",\"logo\":{\"@type\":\"ImageObject\",\"inLanguage\":\"fr\",\"@id\":\"https:\\\/\\\/www.ainia.com\\\/fr\\\/#\\\/schema\\\/logo\\\/image\\\/\",\"url\":\"https:\\\/\\\/www.ainia.com\\\/wp-content\\\/uploads\\\/2022\\\/01\\\/LOGO-AINIA-simple-alta-resolucion-sin-fondo-1.png\",\"contentUrl\":\"https:\\\/\\\/www.ainia.com\\\/wp-content\\\/uploads\\\/2022\\\/01\\\/LOGO-AINIA-simple-alta-resolucion-sin-fondo-1.png\",\"width\":1000,\"height\":346,\"caption\":\"Ainia\"},\"image\":{\"@id\":\"https:\\\/\\\/www.ainia.com\\\/fr\\\/#\\\/schema\\\/logo\\\/image\\\/\"}}]}<\/script>\n<!-- \/ Yoast SEO plugin. -->","yoast_head_json":{"title":"AINIA Packaging Hub. Innovation et durabilit\u00e9. Objectif H2030","description":"Plateforme technique. Strat\u00e9gies pour l'\u00e9conomie circulaire. Secteur des emballages. Coop\u00e9ration entre entreprises pour des solutions d'emballages. Rejoignez-nous !","robots":{"index":"index","follow":"follow","max-snippet":"max-snippet:-1","max-image-preview":"max-image-preview:large","max-video-preview":"max-video-preview:-1"},"canonical":"https:\/\/www.ainia.com\/fr\/ainia-packaging-hub\/","og_locale":"fr_FR","og_type":"article","og_title":"AINIA Packaging Hub. Innovation et durabilit\u00e9. Objectif H2030","og_description":"Plateforme technique. Strat\u00e9gies pour l'\u00e9conomie circulaire. Secteur des emballages. Coop\u00e9ration entre entreprises pour des solutions d'emballages. Rejoignez-nous !","og_url":"https:\/\/www.ainia.com\/fr\/ainia-packaging-hub\/","og_site_name":"AINIA","og_image":[{"width":1260,"height":840,"url":"https:\/\/www.ainia.com\/wp-content\/uploads\/2022\/10\/APH-Cabecera.jpg","type":"image\/jpeg"}],"twitter_card":"summary_large_image","twitter_misc":{"Est. reading time":"22 minutes"},"schema":{"@context":"https:\/\/schema.org","@graph":[{"@type":"WebPage","@id":"https:\/\/www.ainia.com\/fr\/ainia-packaging-hub\/","url":"https:\/\/www.ainia.com\/fr\/ainia-packaging-hub\/","name":"AINIA Packaging Hub. Innovation et durabilit\u00e9. Objectif H2030","isPartOf":{"@id":"https:\/\/www.ainia.com\/fr\/#website"},"primaryImageOfPage":{"@id":"https:\/\/www.ainia.com\/fr\/ainia-packaging-hub\/#primaryimage"},"image":{"@id":"https:\/\/www.ainia.com\/fr\/ainia-packaging-hub\/#primaryimage"},"thumbnailUrl":"https:\/\/www.ainia.com\/wp-content\/uploads\/2022\/10\/APH-Cabecera.jpg","datePublished":"2024-07-24T07:52:27+00:00","description":"Plateforme technique. Strat\u00e9gies pour l'\u00e9conomie circulaire. Secteur des emballages. Coop\u00e9ration entre entreprises pour des solutions d'emballages. Rejoignez-nous !","breadcrumb":{"@id":"https:\/\/www.ainia.com\/fr\/ainia-packaging-hub\/#breadcrumb"},"inLanguage":"fr","potentialAction":[{"@type":"ReadAction","target":["https:\/\/www.ainia.com\/fr\/ainia-packaging-hub\/"]}]},{"@type":"ImageObject","inLanguage":"fr","@id":"https:\/\/www.ainia.com\/fr\/ainia-packaging-hub\/#primaryimage","url":"https:\/\/www.ainia.com\/wp-content\/uploads\/2022\/10\/APH-Cabecera.jpg","contentUrl":"https:\/\/www.ainia.com\/wp-content\/uploads\/2022\/10\/APH-Cabecera.jpg","width":1260,"height":840},{"@type":"BreadcrumbList","@id":"https:\/\/www.ainia.com\/fr\/ainia-packaging-hub\/#breadcrumb","itemListElement":[{"@type":"ListItem","position":1,"name":"Portada","item":"https:\/\/www.ainia.com\/fr\/"},{"@type":"ListItem","position":2,"name":"AINIA Packaging Hub"}]},{"@type":"WebSite","@id":"https:\/\/www.ainia.com\/fr\/#website","url":"https:\/\/www.ainia.com\/fr\/","name":"AINIA","description":"AINIA","publisher":{"@id":"https:\/\/www.ainia.com\/fr\/#organization"},"potentialAction":[{"@type":"SearchAction","target":{"@type":"EntryPoint","urlTemplate":"https:\/\/www.ainia.com\/fr\/?s={search_term_string}"},"query-input":{"@type":"PropertyValueSpecification","valueRequired":true,"valueName":"search_term_string"}}],"inLanguage":"fr"},{"@type":"Organization","@id":"https:\/\/www.ainia.com\/fr\/#organization","name":"Ainia","url":"https:\/\/www.ainia.com\/fr\/","logo":{"@type":"ImageObject","inLanguage":"fr","@id":"https:\/\/www.ainia.com\/fr\/#\/schema\/logo\/image\/","url":"https:\/\/www.ainia.com\/wp-content\/uploads\/2022\/01\/LOGO-AINIA-simple-alta-resolucion-sin-fondo-1.png","contentUrl":"https:\/\/www.ainia.com\/wp-content\/uploads\/2022\/01\/LOGO-AINIA-simple-alta-resolucion-sin-fondo-1.png","width":1000,"height":346,"caption":"Ainia"},"image":{"@id":"https:\/\/www.ainia.com\/fr\/#\/schema\/logo\/image\/"}}]}},"_links":{"self":[{"href":"https:\/\/www.ainia.com\/fr\/wp-json\/wp\/v2\/pages\/171939","targetHints":{"allow":["GET"]}}],"collection":[{"href":"https:\/\/www.ainia.com\/fr\/wp-json\/wp\/v2\/pages"}],"about":[{"href":"https:\/\/www.ainia.com\/fr\/wp-json\/wp\/v2\/types\/page"}],"author":[{"embeddable":true,"href":"https:\/\/www.ainia.com\/fr\/wp-json\/wp\/v2\/users\/4"}],"replies":[{"embeddable":true,"href":"https:\/\/www.ainia.com\/fr\/wp-json\/wp\/v2\/comments?post=171939"}],"version-history":[{"count":3,"href":"https:\/\/www.ainia.com\/fr\/wp-json\/wp\/v2\/pages\/171939\/revisions"}],"predecessor-version":[{"id":172007,"href":"https:\/\/www.ainia.com\/fr\/wp-json\/wp\/v2\/pages\/171939\/revisions\/172007"}],"wp:featuredmedia":[{"embeddable":true,"href":"https:\/\/www.ainia.com\/fr\/wp-json\/wp\/v2\/media\/171993"}],"wp:attachment":[{"href":"https:\/\/www.ainia.com\/fr\/wp-json\/wp\/v2\/media?parent=171939"}],"curies":[{"name":"wp","href":"https:\/\/api.w.org\/{rel}","templated":true}]}}