{"id":171220,"date":"2024-07-16T11:59:59","date_gmt":"2024-07-16T09:59:59","guid":{"rendered":"https:\/\/www.ainia.com\/?page_id=171220"},"modified":"2024-07-24T12:21:56","modified_gmt":"2024-07-24T10:21:56","slug":"probiotiques","status":"publish","type":"page","link":"https:\/\/www.ainia.com\/fr\/probiotiques\/","title":{"rendered":"Probiotiques"},"content":{"rendered":"<html><body><div class=\"wpb-content-wrapper\"><p>[vc_row full_width=\u201dstretch_row_content_no_spaces\u201d el_class=\u201dbreadcrumb\u201d][vc_column]<\/p><div id=\"breadcrumb\"><div><a href=\"https:\/\/www.ainia.com\/fr\/\"><span class=\"vc_icon_element-icon fa fa-home\"><\/span><\/a><\/div><\/div>[\/vc_column][\/vc_row][vc_row][vc_column]<style type=\"text\/css\" data-type=\"vc_shortcodes-custom-css\">.banner_top:after{\n\t\t\t    background: url(https:\/\/www.ainia.com\/wp-content\/uploads\/2021\/11\/Cabecera_Probioticos.jpg);\n\t\t\t    background-repeat: no-repeat;\n\t\t\t    top: 0px;\n\t\t\t    right: 0px;\n\t\t\t    z-index: 99;\n\t\t\t    width: 64%;\n\t\t\t    height: 100%;\n\t\t\t    position: absolute;\n\t\t\t    z-index: -1;\n\t\t\t    background-size: cover;\n\t\t\t    display:block;\n\t\t\t    background-position:center 85px;\n\t\t}<\/style><div class=\"wpb-content-wrapper\"><div data-vc-full-width=\"true\" data-vc-full-width-temp=\"true\" data-vc-full-width-init=\"false\" class=\"vc_row wpb_row vc_row-fluid bloque_uno banner_top banner_top:after vc_row-has-fill\"><span class=\"background-image\" role=\"img\" aria-label=\"Probiotiques\"> <\/span><div class=\"texto wpb_column vc_column_container vc_col-sm-9\"><div class=\"vc_column-inner\"><div class=\"wpb_wrapper\">\n\t<div class=\"wpb_text_column wpb_content_element\">\n\t\t<div class=\"wpb_wrapper\">\n\t\t\t<p class=\"categoria\">QUALIT\u00c9 ET S\u00c9CURIT\u00c9 ALIMENTAIRE<\/p>\n<h1>Probiotiques<span>Aliments fonctionnels et sains.<\/span><\/h1>\n\n\t\t<\/div>\n\t<\/div>\n<\/div><\/div><\/div><div class=\"wpb_column vc_column_container vc_col-sm-3\"><div class=\"vc_column-inner\"><div class=\"wpb_wrapper\"><\/div><\/div><\/div><\/div><div class=\"vc_row-full-width vc_clearfix\"><\/div><\/div>[\/vc_column][\/vc_row][vc_row][vc_column]<style type=\"text\/css\" data-type=\"vc_shortcodes-custom-css\">.imagen_bloque_dos_responsive_69f3878f01ac5:after{\n\t\t\t    background: url(https:\/\/www.ainia.com\/wp-content\/uploads\/2021\/11\/Bloque-2_Probioticos.jpg);\n\t\t\t    background-repeat: no-repeat;\n\t\t\t    top: 0px;\n\t\t\t    right: 0px;\n\t\t\t    z-index: 99;\n\t\t\t    width: 100%;\n\t\t\t    height: 430px;\n\t\t\t    position: absolute;\n\t\t\t    z-index: -1;\n\t\t\t    background-size: cover;\n\t\t\t    background-position:center;\n\t\t}<\/style><div class=\"wpb-content-wrapper\"><div class=\"vc_container_inner\"><div class=\"vc_row wpb_row vc_row-fluid bloque_dos bloque vc_row-o-equal-height vc_row-flex\"><div class=\"imagen wpb_column vc_column_container vc_col-sm-5\"><div class=\"vc_column-inner\"><div class=\"wpb_wrapper\">\n\t<div class=\"wpb_single_image wpb_content_element vc_align_left wpb_content_element wpb_animate_when_almost_visible wpb_fadeInDown fadeInDown\">\n\t\t\n\t\t<figure class=\"wpb_wrapper vc_figure\">\n\t\t\t<div class=\"vc_single_image-wrapper   vc_box_border_grey\"><img decoding=\"async\" width=\"800\" height=\"1200\" src=\"https:\/\/www.ainia.com\/wp-content\/uploads\/2021\/11\/Bloque-2_Probioticos.jpg\" class=\"vc_single_image-img attachment-full\" alt=\"\" title=\"Bloque-2_Probioticos\" srcset=\"https:\/\/www.ainia.com\/wp-content\/uploads\/2021\/11\/Bloque-2_Probioticos.jpg 800w, https:\/\/www.ainia.com\/wp-content\/uploads\/2021\/11\/Bloque-2_Probioticos-200x300.jpg 200w, https:\/\/www.ainia.com\/wp-content\/uploads\/2021\/11\/Bloque-2_Probioticos-683x1024.jpg 683w, https:\/\/www.ainia.com\/wp-content\/uploads\/2021\/11\/Bloque-2_Probioticos-768x1152.jpg 768w\" sizes=\"(max-width: 800px) 100vw, 800px\"><\/div>\n\t\t<\/figure>\n\t<\/div>\n<\/div><\/div><\/div><div class=\"texto wpb_column vc_column_container vc_col-sm-7\"><div class=\"vc_column-inner\"><div class=\"wpb_wrapper\"><h2>La conception et le lancement de produits qui contribuent \u00e0 l\u2019am\u00e9lioration de la sant\u00e9 du consommateur.<\/h2><p>Les probiotiques se d\u00e9finissent comme des microorganismes vivants qui, lorsqu\u2019ils sont ing\u00e9r\u00e9s en quantit\u00e9s ad\u00e9quates, apportent un b\u00e9n\u00e9fice pour la sant\u00e9 du consommateur. L\u2019int\u00e9r\u00eat pour les aliments et les boissons avec des all\u00e9gations relatives \u00e0 la sant\u00e9 digestive et intestinale a augment\u00e9 ces derni\u00e8res ann\u00e9es et devrait continuer \u00e0 cro\u00eetre.<\/p>\n<p>R\u00e9pondre \u00e0 la demande des consommateurs entra\u00eene le d\u00e9veloppement de nouveaux produits ou l\u2019am\u00e9lioration de produits existants incorporant des microorganismes ayant un effet b\u00e9n\u00e9fique pour la sant\u00e9. Le d\u00e9fi consiste \u00e0 garantir leur fonctionnalit\u00e9 et leur s\u00e9curit\u00e9 en un temps court afin de pouvoir r\u00e9aliser de nouveaux lancements.<\/p>\n<\/div><\/div><\/div><\/div><\/div><div data-vc-full-width=\"true\" data-vc-full-width-temp=\"true\" data-vc-full-width-init=\"false\" class=\"vc_row wpb_row vc_row-fluid imagen_bloque_dos_responsive imagen_bloque_dos_responsive_69f3878f01ac5 imagen_bloque_dos_responsive_69f3878f01ac5:after vc_row-has-fill\"><\/div><div class=\"vc_row-full-width vc_clearfix\"><\/div><\/div>[\/vc_column][\/vc_row][vc_row][vc_column]<style type=\"text\/css\" data-type=\"vc_shortcodes-custom-css\">.bloque_tres_69f3878f03df9:before{\n\t\t\t    background: url(https:\/\/www.ainia.com\/wp-content\/themes\/ainia\/images\/gris.jpg);\n\t\t\t    background-repeat: no-repeat;\n\t\t\t    top:0px;\n\t\t\t    bottom: 350px;\n\t\t\t    right: 350px;\n\t\t\t    z-index: 99;\n\t\t\t    width: 350px;\n\t\t\t    height: 350px;\n\t\t\t    position: absolute;\n\t\t\t    z-index: -1;\n\t\t\t    background-size: cover;\n\t\t\t    display:block;\n\n\t\t}<\/style><div class=\"wpb-content-wrapper\"><div class=\"vc_container_inner\"><div class=\"vc_row wpb_row vc_row-fluid top_home_sectores bloque\"><div class=\"titular_top wpb_column vc_column_container vc_col-sm-6\"><div class=\"vc_column-inner\"><div class=\"wpb_wrapper\"><h2>Chez AINIA, nous vous apportons de la valeur<\/h2><\/div><\/div><\/div><\/div><\/div><div class=\"vc_container_inner\"><div data-vc-full-width=\"true\" data-vc-full-width-temp=\"true\" data-vc-full-width-init=\"false\" class=\"vc_row wpb_row vc_row-fluid bloque_tres bloque_tres_69f3878f03df9 bloque_tres_69f3878f03df9:before vc_row-has-fill\"><span class=\"background-image\" role=\"img\" aria-label=\"\"> <\/span><div class=\"texto wpb_column vc_column_container vc_col-sm-7\"><div class=\"vc_column-inner\"><div class=\"wpb_wrapper\">\n<ul>\n<li>Conception de processus biotechnologiques pour l\u2019obtention de micro-organismes d\u2019int\u00e9r\u00eat.<\/li>\n<li>Processus de microencapsulation personnalis\u00e9s pour la stabilisation et la lib\u00e9ration des probiotiques.<\/li>\n<li>\u00c9valuation de la bioaccessibilit\u00e9 et de la biodisponibilit\u00e9 \u00e0 l\u2019aide de technologies propri\u00e9taires. Digesteur dynamique in vitro et mod\u00e8les cellulaires.<\/li>\n<li>Digesteur dynamique in vitro et mod\u00e8les cellulaires.<\/li>\n<li>Conseil juridique sur l\u2019utilisation des all\u00e9gations sant\u00e9.<\/li>\n<\/ul>\n<div class=\"enlace_borde_naranja\"><a href=\"#contacto_enlace_servicio\">Contacter pour plus d\u2019informations<\/a><\/div><\/div><\/div><\/div><div class=\"imagen wpb_column vc_column_container vc_col-sm-5\"><div class=\"vc_column-inner\"><div class=\"wpb_wrapper\"><\/div><\/div><\/div><\/div><div class=\"vc_row-full-width vc_clearfix\"><\/div><\/div><\/div>[\/vc_column][\/vc_row][vc_row][vc_column]<style type=\"text\/css\" data-type=\"vc_shortcodes-custom-css\">.bloque_cuatro_69f3878f05427:before{\n\t\t\t    background: url();\n\t\t\t    background-repeat: no-repeat;\n\t\t\t    top: calc(50% - 150px);\n\t\t\t    right: 0px;\n\t\t\t    z-index: 99;\n\t\t\t    width: 500px;\n\t\t\t    height: 334px;\n\t\t\t    position: absolute;\n\t\t\t    z-index: -1;\n\t\t\t    background-size: cover;\n\t\t\t    display:block;\n\n\t\t}<\/style><div class=\"wpb-content-wrapper\"><div class=\"vc_container_inner\"><div class=\"vc_row wpb_row vc_row-fluid top_home_sectores bloque bloque_cuatro_top\"><div class=\"titular_top wpb_column vc_column_container vc_col-sm-6\"><div class=\"vc_column-inner\"><div class=\"wpb_wrapper\"><h2>Probiotiques<\/h2><\/div><\/div><\/div><\/div><\/div><div class=\"vc_container_inner\"><div data-vc-full-width=\"true\" data-vc-full-width-temp=\"true\" data-vc-full-width-init=\"false\" class=\"vc_row wpb_row vc_row-fluid bloque_cuatro bloque_cuatro_69f3878f05427 bloque_cuatro_69f3878f05427:before vc_row-has-fill\"><span class=\"background-image\" role=\"img\" aria-label=\"\"> <\/span><div class=\"texto wpb_column vc_column_container vc_col-sm-7\"><div class=\"vc_column-inner\"><div class=\"wpb_wrapper\"><p>Dans le d\u00e9veloppement de microorganismes probiotiques, nous disposons d\u2019une collection propre de souches et d\u2019une vaste exp\u00e9rience dans le d\u00e9veloppement et l\u2019optimisation de processus de fermentation avanc\u00e9s. Il est \u00e9galement possible d\u2019isoler des microorganismes \u00e0 potentiel probiotique \u00e0 partir de diverses sources et de r\u00e9aliser un criblage fonctionnel de leur activit\u00e9.<\/p>\n<p>Le d\u00e9veloppement de microorganismes probiotiques est compl\u00e9t\u00e9 par des techniques d\u2019adaptation telles que la microencapsulation, qui permettent de prot\u00e9ger les microorganismes de base contre les conditions de traitement industriel et de garantir leur r\u00e9sistance gastro-intestinale apr\u00e8s consommation.<\/p>\n<p>Pour d\u00e9montrer scientifiquement leur effet b\u00e9n\u00e9fique, nous disposons d\u2019\u00e9quipements technologiques in vitro qui nous permettent d\u2019\u00e9valuer la r\u00e9sistance gastro-intestinale des probiotiques ainsi que la modulation du microbiote intestinal. Nous poss\u00e9dons notre propre digesteur dynamique in vitro, le digesteur de fermentation colique et des mod\u00e8les cellulaires pour \u00e9valuer le transport intestinal et la fonctionnalit\u00e9. De plus, nous collaborons avec des h\u00f4pitaux sp\u00e9cialis\u00e9s pour le d\u00e9veloppement d\u2019essais cliniques.<\/p>\n<p>Nous d\u00e9veloppons des probiotiques diff\u00e9renci\u00e9s sur le march\u00e9 et \u00e0 fonctionnalit\u00e9s prouv\u00e9es, pr\u00eats \u00e0 \u00eatre incorpor\u00e9s dans une matrice alimentaire.<\/p>\n<\/div><\/div><\/div><div class=\"imagen wpb_column vc_column_container vc_col-sm-5\"><div class=\"vc_column-inner\"><div class=\"wpb_wrapper\"><\/div><\/div><\/div><\/div><div class=\"vc_row-full-width vc_clearfix\"><\/div><\/div><\/div>[\/vc_column][\/vc_row][vc_row disable_element=\u201dyes\u201d el_class=\u201dcontenido_bloque_cinco\u201d][vc_column]<div class=\"wpb-content-wrapper\"><div class=\"vc_container_inner\"><div class=\"vc_row wpb_row vc_row-fluid top_home_sectores bloque\"><div class=\"titular_top wpb_column vc_column_container vc_col-sm-3\"><div class=\"vc_column-inner\"><div class=\"wpb_wrapper\"><h4 class=\"titular_h2\">Casos de \u00e9xito<\/h4><\/div><\/div><\/div><\/div><\/div><div class=\"vc_row wpb_row vc_row-fluid row_proyectos_home bloque_cinco\"><div id=\"bloque_cinco_slider_wrapper\"><div id=\"bloque_cinco_slider\" class=\"bloque_cinco_slider\"><div class=\"item_proyecto_home uno wpb_column vc_column_container vc_col-sm-4\"><div class=\"vc_column-inner\"><div class=\"wpb_wrapper\"><div class=\"botones\"><img decoding=\"async\" class=\"nohover\" src=\"\/wp-content\/uploads\/2021\/08\/boton_blanco.png\"><img decoding=\"async\" class=\"sihover\" src=\"https:\/\/www.ainia.com\/wp-content\/uploads\/2021\/08\/unnamed-file.png\" alt=\"bot\u00f3n m\u00e1s naranja\"><\/div><div class=\"contenedor_imagen_enlace\"><div class=\"imagen_enlace\" style=\"background-image:url(\/wp-content\/uploads\/2021\/08\/laboratorio-mic-2019-030.jpg); background-repeat:no-repeat;background-size:cover;background-position:center;\"><\/div><\/div><div class=\"info\"><div class=\"titulo\"><a href=\"#\">Cliente 01<\/a> <\/div><div class=\"texto\">Aplicaciones de la visi\u00f3n hiperespectral en el control de la producci\u00f3n<\/div><\/div><\/div><\/div><\/div><div class=\"item_proyecto_home dos wpb_column vc_column_container vc_col-sm-4\"><div class=\"vc_column-inner\"><div class=\"wpb_wrapper\"><div class=\"botones\"><img decoding=\"async\" class=\"nohover\" src=\"\/wp-content\/uploads\/2021\/08\/boton_blanco.png\"><img decoding=\"async\" class=\"sihover\" src=\"https:\/\/www.ainia.com\/wp-content\/uploads\/2021\/08\/unnamed-file.png\" alt=\"bot\u00f3n m\u00e1s naranja\"><\/div><div class=\"contenedor_imagen_enlace\"><div class=\"imagen_enlace\" style=\"background-image:url(\/wp-content\/uploads\/2021\/08\/laboratorio-mic-2019-030.jpg); background-repeat:no-repeat;background-size:cover;background-position:center;\"><\/div><\/div><div class=\"info\"><div class=\"titulo\"><a href=\"#\">Cliente 02<\/a> <\/div><div class=\"texto\">Aplicaciones de la visi\u00f3n hiperespectral en el control de la producci\u00f3n<\/div><\/div><\/div><\/div><\/div><div class=\"item_proyecto_home tres wpb_column vc_column_container vc_col-sm-4\"><div class=\"vc_column-inner\"><div class=\"wpb_wrapper\"><div class=\"botones\"><img decoding=\"async\" class=\"nohover\" src=\"\/wp-content\/uploads\/2021\/08\/boton_blanco.png\"><img decoding=\"async\" class=\"sihover\" src=\"https:\/\/www.ainia.com\/wp-content\/uploads\/2021\/08\/unnamed-file.png\" alt=\"bot\u00f3n m\u00e1s naranja\"><\/div><div class=\"contenedor_imagen_enlace\"><div class=\"imagen_enlace\" style=\"background-image:url(\/wp-content\/uploads\/2021\/08\/laboratorio-mic-2019-030.jpg); background-repeat:no-repeat;background-size:cover;background-position:center;\"><\/div><\/div><div class=\"info\"><div class=\"titulo\"><a href=\"#\">Cliente 03<\/a> <\/div><div class=\"texto\">Aplicaciones de la visi\u00f3n hiperespectral en el control de la producci\u00f3n<\/div><\/div><\/div><\/div><\/div><div class=\"item_proyecto_home uno wpb_column vc_column_container vc_col-sm-4\"><div class=\"vc_column-inner\"><div class=\"wpb_wrapper\"><div class=\"botones\"><img decoding=\"async\" class=\"nohover\" src=\"\/wp-content\/uploads\/2021\/08\/boton_blanco.png\"><img decoding=\"async\" class=\"sihover\" src=\"https:\/\/www.ainia.com\/wp-content\/uploads\/2021\/08\/unnamed-file.png\" alt=\"bot\u00f3n m\u00e1s naranja\"><\/div><div class=\"contenedor_imagen_enlace\"><div class=\"imagen_enlace\" style=\"background-image:url(\/wp-content\/uploads\/2021\/08\/laboratorio-mic-2019-030.jpg); background-repeat:no-repeat;background-size:cover;background-position:center;\"><\/div><\/div><div class=\"info\"><div class=\"titulo\"><a href=\"#\">Cliente 04<\/a> <\/div><div class=\"texto\">Aplicaciones de la visi\u00f3n hiperespectral en el control de la producci\u00f3n<\/div><\/div><\/div><\/div><\/div><div class=\"item_proyecto_home dos wpb_column vc_column_container vc_col-sm-4\"><div class=\"vc_column-inner\"><div class=\"wpb_wrapper\"><div class=\"botones\"><img decoding=\"async\" class=\"nohover\" src=\"\/wp-content\/uploads\/2021\/08\/boton_blanco.png\"><img decoding=\"async\" class=\"sihover\" src=\"https:\/\/www.ainia.com\/wp-content\/uploads\/2021\/08\/unnamed-file.png\" alt=\"bot\u00f3n m\u00e1s naranja\"><\/div><div class=\"contenedor_imagen_enlace\"><div class=\"imagen_enlace\" style=\"background-image:url(\/wp-content\/uploads\/2021\/08\/laboratorio-mic-2019-030.jpg); background-repeat:no-repeat;background-size:cover;background-position:center;\"><\/div><\/div><div class=\"info\"><div class=\"titulo\"><a href=\"#\">Cliente 05<\/a> <\/div><div class=\"texto\">Aplicaciones de la visi\u00f3n hiperespectral en el control de la producci\u00f3n<\/div><\/div><\/div><\/div><\/div><div class=\"item_proyecto_home tres wpb_column vc_column_container vc_col-sm-4\"><div class=\"vc_column-inner\"><div class=\"wpb_wrapper\"><div class=\"botones\"><img decoding=\"async\" class=\"nohover\" src=\"\/wp-content\/uploads\/2021\/08\/boton_blanco.png\"><img decoding=\"async\" class=\"sihover\" src=\"https:\/\/www.ainia.com\/wp-content\/uploads\/2021\/08\/unnamed-file.png\" alt=\"bot\u00f3n m\u00e1s naranja\"><\/div><div class=\"contenedor_imagen_enlace\"><div class=\"imagen_enlace\" style=\"background-image:url(\/wp-content\/uploads\/2021\/08\/laboratorio-mic-2019-030.jpg); background-repeat:no-repeat;background-size:cover;background-position:center;\"><\/div><\/div><div class=\"info\"><div class=\"titulo\"><a href=\"#\">Cliente 06<\/a> <\/div><div class=\"texto\">Aplicaciones de la visi\u00f3n hiperespectral en el control de la producci\u00f3n<\/div><\/div><\/div><\/div><\/div><\/div><\/div><\/div><div class=\"\"><div class=\"vc_row wpb_row vc_row-fluid enlace_proyectos_home\"><div class=\"botones_top wpb_column vc_column_container vc_col-sm-12\"><div class=\"vc_column-inner\"><div class=\"wpb_wrapper\"><a href=\"#\">Ver todos<\/a><\/div><\/div><\/div><\/div><\/div><div class=\"enlaces_bloque_cinco\"><div class=\"vc_row wpb_row vc_row-fluid\"><div class=\"botones_top bloque_cinco_botones wpb_column vc_column_container vc_col-sm-12\"><div class=\"vc_column-inner\"><div class=\"wpb_wrapper\"><img decoding=\"async\" class=\"slick-prev\" src=\"https:\/\/www.ainia.com\/wp-content\/uploads\/2021\/08\/left.png\" alt=\"icono izquierda\"><img decoding=\"async\" class=\"slick-next\" src=\"https:\/\/www.ainia.com\/wp-content\/uploads\/2021\/08\/right.png\" alt=\"icono derecha\"><\/div><\/div><\/div><\/div><\/div><script>\n\t\t\tjQuery(document).ready(function(){\n\t\t\t\tjQuery('.bloque_cinco_slider').slick({\n\t\t\t\t  variableWidth: false,\n\t\t\t\t  centerMode: false,\n\t\t\t\t  centerPadding: '0px',\n\t\t\t\t  slidesToShow: 3,\n\t\t\t\t  slidesToScroll: 1,\n\t\t\t\t  arrows: false,\n\t\t\t\t  swipe: false,\n\t\t\t\t  responsive:\n\t\t\t\t  [\n\t\t\t\t\t{\n\t\t\t\t\t  breakpoint: 802,\n\t\t\t\t\t  settings: {\n\t\t\t\t\t\tslidesToShow: 3,\n\t\t\t\t\t\tvariableWidth: true,\n\t\t\t\t\t\tswipe: true\n\t\t\t\t\t  }\n\t\t\t\t\t}\n\t\t\t\t  ]\n\t\t\t\t});\n\n\t\t\t\tjQuery('.bloque_cinco_botones .slick-next').click(function(){\n\t\t\t\t  jQuery('.bloque_cinco_slider').slick('slickNext');\n\t\t\t\t});\n\t\t\t\tjQuery('.bloque_cinco_botones .slick-prev').click(function(){\n\t\t\t\t  jQuery('.bloque_cinco_slider').slick('slickPrev');\n\t\t\t\t});\n\t\t\t});\n\t\t   <\/script><\/div>[\/vc_column][\/vc_row][vc_row][vc_column][\/vc_column][\/vc_row][vc_row el_id=\u201dcontacto_servicio_page\u201d][vc_column]<div class=\"wpb-content-wrapper\"><div class=\"vc_container_inner\"><div id=\"contacto_enlace_servicio\" class=\"vc_row wpb_row vc_row-fluid top_home_sectores bloque bloque_siete_top\"><div class=\"titular_top wpb_column vc_column_container vc_col-sm-12\"><div class=\"vc_column-inner\"><div class=\"wpb_wrapper\"><h4 class=\"titular_h2\">En quoi puis-je t\u2019aider?<\/h4><\/div><\/div><\/div><\/div><\/div><div class=\"vc_container_inner\"><div class=\"vc_row wpb_row vc_row-fluid bloque_siete\"><div class=\"formulario_contacta wpb_column vc_column_container vc_col-sm-8\"><div class=\"vc_column-inner\"><div class=\"wpb_wrapper\"><div class=\"vc_row_inner\"><div class=\"vc_column_inner vc_col-sm-6\"><label>Pr\u00e9nom et nom*<\/label><input id=\"nombre\" name=\"nombre\" type=\"text\" maxlength=\"100\" required><\/div><div class=\"vc_column_inner vc_col-sm-6\"><label>Email*<\/label><input id=\"email\" name=\"email\" type=\"text\" maxlength=\"100\" required><\/div><\/div><div class=\"vc_row_inner\"><div class=\"vc_column_inner vc_col-sm-6\"><label>Entreprise*<\/label><input id=\"empresa\" name=\"empresa\" type=\"text\" maxlength=\"100\" required><\/div><div class=\"vc_column_inner vc_col-sm-6\"><label>T\u00e9l\u00e9phone*<\/label><input id=\"telefono\" name=\"telefono\" maxlength=\"30\" type=\"text\" required><\/div><\/div><div class=\"vc_row_inner\"><div class=\"vc_column_inner vc_col-sm-12\"><label>Message*<\/label><textarea id=\"mensaje\" name=\"consulta\" maxlength=\"1024\" required><\/textarea><\/div><\/div><div class=\"vc_row_inner\"><div class=\"vc_column_inner vc_col-sm-12\"><span style=\"color:#555555\"><strong>Informations de base sur la protection des donn\u00e9es<\/strong><\/span><br><br>\n<table border=\"0\" width=\"100%\" style=\"font-size:11px\">\n<tbody>\n  <tr>\n    <td width=\"57\" valign=\"top\"><strong>Responsable <\/strong><\/td>\n    <td width=\"520\" valign=\"top\">AINIA<\/td>\n  <\/tr>\n  <tr>\n    <td width=\"57\" valign=\"top\"><strong>Adresse <\/strong><\/td>\n    <td width=\"520\" valign=\"top\">Calle Benjam\u00edn Franklin, 5 a 11, CP 46980 Paterna (Valencia)<\/td>\n  <\/tr>\n  <tr>\n    <td width=\"57\" valign=\"top\"><strong>But <\/strong><\/td>\n    <td width=\"520\" valign=\"top\">Participez, inscrivez-vous et vous contacter pour r\u00e9soudre la demande que vous nous faites via ce formulaire de contact<\/td>\n  <\/tr>\n  <tr>\n    <td width=\"57\" valign=\"top\"><strong>L\u00e9gitimation <\/strong><\/td>\n    <td width=\"520\" valign=\"top\">Vos donn\u00e9es ne seront trait\u00e9es qu\u2019avec votre consentement, en cochant la case indiqu\u00e9e sur ce formulaire <\/td>\n  <\/tr>\n  <tr>\n    <td width=\"57\" valign=\"top\"><strong>Destinataires<\/strong><\/td>\n    <td width=\"520\" valign=\"top\">Vos donn\u00e9es ne seront pas transf\u00e9r\u00e9es \u00e0 des tiers<\/td>\n  <\/tr>\n  <tr>\n    <td width=\"57\" valign=\"top\"><strong>Droits<\/strong><\/td>\n    <td width=\"520\" valign=\"top\">Vous avez le droit de nous demander d\u2019acc\u00e9der \u00e0 vos donn\u00e9es, de les rectifier ou de les supprimer, vous pouvez \u00e9galement nous demander de limiter leur traitement, de vous opposer et la portabilit\u00e9 de vos donn\u00e9es, en contactant notre adresse postale ou <a href=\"mailto:Privacy@ainia.es\" style=\"color:#ff6e00;\">privacy@ainia.es<\/a><\/td>\n  <\/tr>\n  <tr>\n    <td width=\"57\" valign=\"top\"><strong>Plus d\u2019informations <\/strong><\/td>\n    <td width=\"520\" valign=\"top\">Vous avez plus d\u2019informations dans notre <a href=\"https:\/\/www.ainia.com\/politica-privacidad\/\" style=\"color:#ff6e00;\">Politique de confidentialit\u00e9<\/a><\/td>\n  <\/tr>\n  <tr>\n    <td width=\"57\" valign=\"top\"><strong>DPO <\/strong><\/td>\n    <td width=\"520\" valign=\"top\">Si vous avez des questions sur la mani\u00e8re dont nous traiterons vos donn\u00e9es ou si vous souhaitez faire des suggestions ou des r\u00e9clamations, contactez le d\u00e9l\u00e9gu\u00e9 \u00e0 la protection des donn\u00e9es \u00e0 info@businessadapter.es ou \u00e0 <a href=\"https:\/\/www.businessadapter.es\/contacta-con-el-delegado-de-proteccion-de-datos\" style=\"color:#ff6e00;\"> Formulaire d\u2019attention des parties int\u00e9ress\u00e9es<\/a><\/td>\n  <\/tr>\n\t<\/tbody>\n<\/table><p class=\"acepto\"><input type=\"checkbox\" id=\"acepto_politica\" name=\"acepto\">  J\u2019accepte l\u2019utilisation de mes donn\u00e9es personnelles pour r\u00e9pondre \u00e0 ma demande, comme \u00e9tabli dans votre <a href=\"https:\/\/www.ainia.com\/fr\/probiotiques\/\" target=\"_blank\" style=\"color:#ff6e00;\">Politique de confidentialit\u00e9<\/a>.<\/p><p class=\"acepto\"><input type=\"checkbox\" id=\"acepto_comunicaciones\" name=\"acepto\">  J\u2019accepte l\u2019utilisation de mes donn\u00e9es pour recevoir des informations et des communications commerciales de votre entit\u00e9.<\/p><\/div><div class=\"vc_col-sm-5\"><div class=\"boton_enviar\"><input id=\"btn_enviar\" type=\"submit\" value=\"Envoyer\"><\/div><\/div><\/div><div class=\"vc_col-sm-12\"><div class=\"respuesta_envio\"><\/div><\/div><div class=\"vc_col-sm-12\"><div class=\"error_container\"><\/div><\/div><\/div><\/div><\/div><div class=\"persona_contacto wpb_column vc_column_container vc_col-sm-4\"><div class=\"vc_column-inner\"><div class=\"wpb_wrapper\"><div class=\"imagen_persona_form\"><img decoding=\"async\" src=\"https:\/\/www.ainia.com\/wp-content\/uploads\/2021\/11\/Begona-Ruiz-1.jpg\"><\/div><div class=\"nombre\">Bego\u00f1a Ruiz<\/div><div class=\"cargo\">Directrice des Technologies<\/div><\/div><\/div><\/div><\/div><\/div>\n    <script>\n      jQuery(document).on(\"click\", \"#btn_enviar\", function(e){\n        e.preventDefault();\n        var empty_required = 0;\n        jQuery(\".error_container\").html(\"\");\n        jQuery(\"input,textarea,select\").filter(\"[required]:visible\").each(function(){\n          if(jQuery(this).val() == null || jQuery(this).val() == \"\"){\n            empty_required++;\n          }\n        });\n\n        if(jQuery(\"#acepto_politica\").prop(\"checked\")){\n          if(is_valid_email(jQuery(\"#email\").val())){\n            if(!empty_required){\n              jQuery.ajax({\n                url: MyAjax.url,\n                type: \"post\",\n                dataType: \"json\",\n                data: {\n                  action: \"formulario_contacto\",\n                  formulario_origen: \"Probiotiques\",\n                  url_origen: \"https:\/\/www.ainia.com\/fr\/probiotiques\/\",\n                  nombre: jQuery(\"#nombre\").val(),\n                  email: jQuery(\"#email\").val(),\n\t\t\t\t  asunto: \"\",\n                  telefono: jQuery(\"#telefono\").val(),\n                  empresa: jQuery(\"input[id=empresa]\").val(),\n                  mensaje: jQuery(\"#mensaje\").val(),\n                  acepto_politica: jQuery(\"#acepto_politica\").prop(\"checked\") ? 1 : 0,\n                  acepto_comunicaciones: jQuery(\"#acepto_comunicaciones\").prop(\"checked\") ? 1 : 0\n                }\n              }).always(function(data){\n                  console.log(data)\n                  if(data){\n                    jQuery(\"input:not(input[type=submit]\").each(function(){\n                      jQuery(this).val(\"\");\n                    });\n                    jQuery(\"#mensaje\").val(\"\");\n                    jQuery(\"input[type=checkbox]\").each(function(){\n                      jQuery(this).prop(\"checked\", false);\n                    });\n                  }\n                  jQuery(\".respuesta_envio\").html(data);\n\t\t\t\t  ga('send', 'event', 'Contacto', 'submit');\n                });\n            }else{\n              jQuery(\".error_container\").append(\"<p class=\\\"ko_form\\\">Debes rellenar todos los campos obligatorios\");\n            }\n          }else{\n            jQuery(\".error_container\").append(\"<p class=\\\"ko_form\\\">Formato de email no v&aacute;lido\");\n          }\n        }else{\n          jQuery(\".error_container\").append(\"<p class=\\\"ko_form\\\">Debes aceptar la pol&iacute;tica de privacidad\");\n        }\n\n      });\n\n      function is_valid_email(email) {\n        var regex = \/^([a-zA-Z0-9_\\.\\-])+\\@(([a-zA-Z0-9\\-])+\\.)+([a-zA-Z0-9]{2,4})+$\/;\n        return regex.test(email) ? true : false;\n      }\n\n    <\/script><\/div>[\/vc_column][\/vc_row]\n<\/div><\/body><\/html>","protected":false},"excerpt":{"rendered":"QUALIT\u00c9 ET S\u00c9CURIT\u00c9 ALIMENTAIRE ProbiotiquesAliments fonctionnels et sains. La conception et le lancement de produits qui contribuent \u00e0 l\u2019am\u00e9lioration de la sant\u00e9 du consommateur.Les probiotiques se d\u00e9finissent comme des microorganismes vivants qui, lorsqu\u2019ils sont ing\u00e9r\u00e9s en quantit\u00e9s ad\u00e9quates, apportent un b\u00e9n\u00e9fice pour la sant\u00e9 du consommateur. L\u2019int\u00e9r\u00eat pour les aliments et les boissons avec des [...]","protected":false},"author":4,"featured_media":171221,"parent":0,"menu_order":572,"comment_status":"closed","ping_status":"closed","template":"","meta":{"_acf_changed":false,"inline_featured_image":false,"footnotes":""},"class_list":["post-171220","page","type-page","status-publish","hentry"],"acf":[],"yoast_head":"<!-- This site is optimized with the Yoast SEO plugin v27.5 - https:\/\/yoast.com\/product\/yoast-seo-wordpress\/ -->\n<title>Aliments probiotiques | AINIA<\/title>\n<meta name=\"description\" content=\"Les probiotiques naturels sont des aliments ou des suppl\u00e9ments contenant des microorganismes vivants dont la fonction est de maintenir ou d&#039;am\u00e9liorer les bact\u00e9ries du corps.\" \/>\n<meta name=\"robots\" content=\"index, follow, max-snippet:-1, max-image-preview:large, max-video-preview:-1\" \/>\n<link rel=\"canonical\" href=\"https:\/\/www.ainia.com\/fr\/probiotiques\/\" \/>\n<meta property=\"og:locale\" content=\"fr_FR\" \/>\n<meta property=\"og:type\" content=\"article\" \/>\n<meta property=\"og:title\" content=\"Aliments probiotiques | AINIA\" \/>\n<meta property=\"og:description\" content=\"Les probiotiques naturels sont des aliments ou des suppl\u00e9ments contenant des microorganismes vivants dont la fonction est de maintenir ou d&#039;am\u00e9liorer les bact\u00e9ries du corps.\" \/>\n<meta property=\"og:url\" content=\"https:\/\/www.ainia.com\/fr\/probiotiques\/\" \/>\n<meta property=\"og:site_name\" content=\"AINIA\" \/>\n<meta property=\"article:modified_time\" content=\"2024-07-24T10:21:56+00:00\" \/>\n<meta property=\"og:image\" content=\"https:\/\/www.ainia.com\/wp-content\/uploads\/2021\/11\/Cabecera_Probioticos.jpg\" \/>\n\t<meta property=\"og:image:width\" content=\"1260\" \/>\n\t<meta property=\"og:image:height\" content=\"840\" \/>\n\t<meta property=\"og:image:type\" content=\"image\/jpeg\" \/>\n<meta name=\"twitter:card\" content=\"summary_large_image\" \/>\n<meta name=\"twitter:label1\" content=\"Est. reading time\" \/>\n\t<meta name=\"twitter:data1\" content=\"3 minutes\" \/>\n<script type=\"application\/ld+json\" class=\"yoast-schema-graph\">{\"@context\":\"https:\\\/\\\/schema.org\",\"@graph\":[{\"@type\":\"WebPage\",\"@id\":\"https:\\\/\\\/www.ainia.com\\\/fr\\\/probiotiques\\\/\",\"url\":\"https:\\\/\\\/www.ainia.com\\\/fr\\\/probiotiques\\\/\",\"name\":\"Aliments probiotiques | AINIA\",\"isPartOf\":{\"@id\":\"https:\\\/\\\/www.ainia.com\\\/fr\\\/#website\"},\"primaryImageOfPage\":{\"@id\":\"https:\\\/\\\/www.ainia.com\\\/fr\\\/probiotiques\\\/#primaryimage\"},\"image\":{\"@id\":\"https:\\\/\\\/www.ainia.com\\\/fr\\\/probiotiques\\\/#primaryimage\"},\"thumbnailUrl\":\"https:\\\/\\\/www.ainia.com\\\/wp-content\\\/uploads\\\/2021\\\/11\\\/Cabecera_Probioticos.jpg\",\"datePublished\":\"2024-07-16T09:59:59+00:00\",\"dateModified\":\"2024-07-24T10:21:56+00:00\",\"description\":\"Les probiotiques naturels sont des aliments ou des suppl\u00e9ments contenant des microorganismes vivants dont la fonction est de maintenir ou d'am\u00e9liorer les bact\u00e9ries du corps.\",\"breadcrumb\":{\"@id\":\"https:\\\/\\\/www.ainia.com\\\/fr\\\/probiotiques\\\/#breadcrumb\"},\"inLanguage\":\"fr\",\"potentialAction\":[{\"@type\":\"ReadAction\",\"target\":[\"https:\\\/\\\/www.ainia.com\\\/fr\\\/probiotiques\\\/\"]}]},{\"@type\":\"ImageObject\",\"inLanguage\":\"fr\",\"@id\":\"https:\\\/\\\/www.ainia.com\\\/fr\\\/probiotiques\\\/#primaryimage\",\"url\":\"https:\\\/\\\/www.ainia.com\\\/wp-content\\\/uploads\\\/2021\\\/11\\\/Cabecera_Probioticos.jpg\",\"contentUrl\":\"https:\\\/\\\/www.ainia.com\\\/wp-content\\\/uploads\\\/2021\\\/11\\\/Cabecera_Probioticos.jpg\",\"width\":1260,\"height\":840},{\"@type\":\"BreadcrumbList\",\"@id\":\"https:\\\/\\\/www.ainia.com\\\/fr\\\/probiotiques\\\/#breadcrumb\",\"itemListElement\":[{\"@type\":\"ListItem\",\"position\":1,\"name\":\"Portada\",\"item\":\"https:\\\/\\\/www.ainia.com\\\/fr\\\/\"},{\"@type\":\"ListItem\",\"position\":2,\"name\":\"Probiotiques\"}]},{\"@type\":\"WebSite\",\"@id\":\"https:\\\/\\\/www.ainia.com\\\/fr\\\/#website\",\"url\":\"https:\\\/\\\/www.ainia.com\\\/fr\\\/\",\"name\":\"AINIA\",\"description\":\"AINIA\",\"publisher\":{\"@id\":\"https:\\\/\\\/www.ainia.com\\\/fr\\\/#organization\"},\"potentialAction\":[{\"@type\":\"SearchAction\",\"target\":{\"@type\":\"EntryPoint\",\"urlTemplate\":\"https:\\\/\\\/www.ainia.com\\\/fr\\\/?s={search_term_string}\"},\"query-input\":{\"@type\":\"PropertyValueSpecification\",\"valueRequired\":true,\"valueName\":\"search_term_string\"}}],\"inLanguage\":\"fr\"},{\"@type\":\"Organization\",\"@id\":\"https:\\\/\\\/www.ainia.com\\\/fr\\\/#organization\",\"name\":\"Ainia\",\"url\":\"https:\\\/\\\/www.ainia.com\\\/fr\\\/\",\"logo\":{\"@type\":\"ImageObject\",\"inLanguage\":\"fr\",\"@id\":\"https:\\\/\\\/www.ainia.com\\\/fr\\\/#\\\/schema\\\/logo\\\/image\\\/\",\"url\":\"https:\\\/\\\/www.ainia.com\\\/wp-content\\\/uploads\\\/2022\\\/01\\\/LOGO-AINIA-simple-alta-resolucion-sin-fondo-1.png\",\"contentUrl\":\"https:\\\/\\\/www.ainia.com\\\/wp-content\\\/uploads\\\/2022\\\/01\\\/LOGO-AINIA-simple-alta-resolucion-sin-fondo-1.png\",\"width\":1000,\"height\":346,\"caption\":\"Ainia\"},\"image\":{\"@id\":\"https:\\\/\\\/www.ainia.com\\\/fr\\\/#\\\/schema\\\/logo\\\/image\\\/\"}}]}<\/script>\n<!-- \/ Yoast SEO plugin. -->","yoast_head_json":{"title":"Aliments probiotiques | AINIA","description":"Les probiotiques naturels sont des aliments ou des suppl\u00e9ments contenant des microorganismes vivants dont la fonction est de maintenir ou d'am\u00e9liorer les bact\u00e9ries du corps.","robots":{"index":"index","follow":"follow","max-snippet":"max-snippet:-1","max-image-preview":"max-image-preview:large","max-video-preview":"max-video-preview:-1"},"canonical":"https:\/\/www.ainia.com\/fr\/probiotiques\/","og_locale":"fr_FR","og_type":"article","og_title":"Aliments probiotiques | AINIA","og_description":"Les probiotiques naturels sont des aliments ou des suppl\u00e9ments contenant des microorganismes vivants dont la fonction est de maintenir ou d'am\u00e9liorer les bact\u00e9ries du corps.","og_url":"https:\/\/www.ainia.com\/fr\/probiotiques\/","og_site_name":"AINIA","article_modified_time":"2024-07-24T10:21:56+00:00","og_image":[{"width":1260,"height":840,"url":"https:\/\/www.ainia.com\/wp-content\/uploads\/2021\/11\/Cabecera_Probioticos.jpg","type":"image\/jpeg"}],"twitter_card":"summary_large_image","twitter_misc":{"Est. reading time":"3 minutes"},"schema":{"@context":"https:\/\/schema.org","@graph":[{"@type":"WebPage","@id":"https:\/\/www.ainia.com\/fr\/probiotiques\/","url":"https:\/\/www.ainia.com\/fr\/probiotiques\/","name":"Aliments probiotiques | AINIA","isPartOf":{"@id":"https:\/\/www.ainia.com\/fr\/#website"},"primaryImageOfPage":{"@id":"https:\/\/www.ainia.com\/fr\/probiotiques\/#primaryimage"},"image":{"@id":"https:\/\/www.ainia.com\/fr\/probiotiques\/#primaryimage"},"thumbnailUrl":"https:\/\/www.ainia.com\/wp-content\/uploads\/2021\/11\/Cabecera_Probioticos.jpg","datePublished":"2024-07-16T09:59:59+00:00","dateModified":"2024-07-24T10:21:56+00:00","description":"Les probiotiques naturels sont des aliments ou des suppl\u00e9ments contenant des microorganismes vivants dont la fonction est de maintenir ou d'am\u00e9liorer les bact\u00e9ries du corps.","breadcrumb":{"@id":"https:\/\/www.ainia.com\/fr\/probiotiques\/#breadcrumb"},"inLanguage":"fr","potentialAction":[{"@type":"ReadAction","target":["https:\/\/www.ainia.com\/fr\/probiotiques\/"]}]},{"@type":"ImageObject","inLanguage":"fr","@id":"https:\/\/www.ainia.com\/fr\/probiotiques\/#primaryimage","url":"https:\/\/www.ainia.com\/wp-content\/uploads\/2021\/11\/Cabecera_Probioticos.jpg","contentUrl":"https:\/\/www.ainia.com\/wp-content\/uploads\/2021\/11\/Cabecera_Probioticos.jpg","width":1260,"height":840},{"@type":"BreadcrumbList","@id":"https:\/\/www.ainia.com\/fr\/probiotiques\/#breadcrumb","itemListElement":[{"@type":"ListItem","position":1,"name":"Portada","item":"https:\/\/www.ainia.com\/fr\/"},{"@type":"ListItem","position":2,"name":"Probiotiques"}]},{"@type":"WebSite","@id":"https:\/\/www.ainia.com\/fr\/#website","url":"https:\/\/www.ainia.com\/fr\/","name":"AINIA","description":"AINIA","publisher":{"@id":"https:\/\/www.ainia.com\/fr\/#organization"},"potentialAction":[{"@type":"SearchAction","target":{"@type":"EntryPoint","urlTemplate":"https:\/\/www.ainia.com\/fr\/?s={search_term_string}"},"query-input":{"@type":"PropertyValueSpecification","valueRequired":true,"valueName":"search_term_string"}}],"inLanguage":"fr"},{"@type":"Organization","@id":"https:\/\/www.ainia.com\/fr\/#organization","name":"Ainia","url":"https:\/\/www.ainia.com\/fr\/","logo":{"@type":"ImageObject","inLanguage":"fr","@id":"https:\/\/www.ainia.com\/fr\/#\/schema\/logo\/image\/","url":"https:\/\/www.ainia.com\/wp-content\/uploads\/2022\/01\/LOGO-AINIA-simple-alta-resolucion-sin-fondo-1.png","contentUrl":"https:\/\/www.ainia.com\/wp-content\/uploads\/2022\/01\/LOGO-AINIA-simple-alta-resolucion-sin-fondo-1.png","width":1000,"height":346,"caption":"Ainia"},"image":{"@id":"https:\/\/www.ainia.com\/fr\/#\/schema\/logo\/image\/"}}]}},"_links":{"self":[{"href":"https:\/\/www.ainia.com\/fr\/wp-json\/wp\/v2\/pages\/171220","targetHints":{"allow":["GET"]}}],"collection":[{"href":"https:\/\/www.ainia.com\/fr\/wp-json\/wp\/v2\/pages"}],"about":[{"href":"https:\/\/www.ainia.com\/fr\/wp-json\/wp\/v2\/types\/page"}],"author":[{"embeddable":true,"href":"https:\/\/www.ainia.com\/fr\/wp-json\/wp\/v2\/users\/4"}],"replies":[{"embeddable":true,"href":"https:\/\/www.ainia.com\/fr\/wp-json\/wp\/v2\/comments?post=171220"}],"version-history":[{"count":3,"href":"https:\/\/www.ainia.com\/fr\/wp-json\/wp\/v2\/pages\/171220\/revisions"}],"predecessor-version":[{"id":172065,"href":"https:\/\/www.ainia.com\/fr\/wp-json\/wp\/v2\/pages\/171220\/revisions\/172065"}],"wp:featuredmedia":[{"embeddable":true,"href":"https:\/\/www.ainia.com\/fr\/wp-json\/wp\/v2\/media\/171221"}],"wp:attachment":[{"href":"https:\/\/www.ainia.com\/fr\/wp-json\/wp\/v2\/media?parent=171220"}],"curies":[{"name":"wp","href":"https:\/\/api.w.org\/{rel}","templated":true}]}}